{"id":5220,"date":"2022-12-09T16:37:34","date_gmt":"2022-12-09T15:37:34","guid":{"rendered":"https:\/\/www.camping-strasbourg.com\/marches-de-noel\/"},"modified":"2025-10-21T10:27:43","modified_gmt":"2025-10-21T08:27:43","slug":"weihnachtsmaerkte","status":"publish","type":"page","link":"https:\/\/www.camping-strasbourg.com\/de\/weihnachtsmaerkte\/","title":{"rendered":"Weihnachtsm\u00e4rkte"},"content":{"rendered":"<div class=\"wpb-content-wrapper\"><p>[vc_row][vc_column]<div class=\"wrappedcontent\">[vc_column_text css=&#8220;.vc_custom_1759239911638{padding-top: 30px !important;}&#8220;]<\/p>\n<p style=\"text-align: center;\"><span style=\"color: #e94e1b;\"><strong><span style=\"font-size: 24pt;\">DIE WEIHNACHTSHAUPTSTADT SEIT 1589 <\/span><\/strong><\/span><\/p>\n<p style=\"text-align: center;\"><span style=\"font-size: 14pt;\">Tauchen Sie ein in den Weihnachtszauber Stra\u00dfburgs. Entdecken Sie den \u00e4ltesten Weihnachtsmarkt Frankreichs mit 300 authentischen Chalets. <\/span><\/p>\n<p style=\"text-align: center;\"><i><em>Vom 26. November bis zum 24. Dezember 2025.<\/em><\/i><\/p>\n<p>[\/vc_column_text]<\/div>[\/vc_column][\/vc_row][vc_row css=&#8220;.vc_custom_1670515323251{background-color: rgba(233,78,27,0.2) !important;*background-color: rgb(233,78,27) !important;}&#8220;][vc_column]<div class=\"wrappedcontent\">[vc_column_text css=&#8220;.vc_custom_1671116841850{padding-bottom: 30px !important;}&#8220;]<\/p>\n<p style=\"text-align: center;\"><span style=\"font-size: 20pt; color: #e94e1b;\"><strong>UNSERE HIGHLIGHTS<\/strong><\/span><\/p>\n<p>[\/vc_column_text][vc_row_inner equal_height=&#8220;yes&#8220; gap=&#8220;35&#8243; css=&#8220;.vc_custom_1670515300280{margin-left: -0.5px !important;}&#8220;][vc_column_inner width=&#8220;1\/3&#8243;][vc_masonry_media_grid element_width=&#8220;12&#8243; gap=&#8220;0&#8243; grid_id=&#8220;vc_gid:1759239903531-f380c98a-8a5f-3&#8243; include=&#8220;5170&#8243;][vc_empty_space height=&#8220;15px&#8220;][vc_column_text]<\/p>\n<p style=\"text-align: center;\"><span style=\"font-size: 14pt;\">Bestaunen Sie die gro\u00dfe Weihnachtstanne auf der <strong>Place Kl\u00e9ber<\/strong>, Das Weihnachtssymbol der Stadt schlechthin.<\/span><\/p>\n<p>[\/vc_column_text][\/vc_column_inner][vc_column_inner width=&#8220;1\/3&#8243;][vc_masonry_media_grid element_width=&#8220;12&#8243; gap=&#8220;0&#8243; grid_id=&#8220;vc_gid:1759239903532-8b6ed7a5-39d8-4&#8243; include=&#8220;5176&#8243;][vc_empty_space height=&#8220;15px&#8220;][vc_column_text]<\/p>\n<p style=\"text-align: center;\"><span style=\"font-size: 14pt;\">Der historische <strong>Christkindelsm\u00e4rik auf der Place Broglie<\/strong>, der seit 1871 stattfindet. <\/span><\/p>\n<p>[\/vc_column_text][\/vc_column_inner][vc_column_inner width=&#8220;1\/3&#8243;][vc_masonry_media_grid element_width=&#8220;12&#8243; gap=&#8220;0&#8243; grid_id=&#8220;vc_gid:1759239903533-6fc14ba5-2b3a-9&#8243; include=&#8220;5182&#8243;][vc_empty_space height=&#8220;15px&#8220;][vc_column_text]<\/p>\n<p style=\"text-align: center;\"><span style=\"font-size: 14pt;\"><strong>La Petite France<\/strong>, das bekannteste Viertel Stra\u00dfburgs.<\/span><\/p>\n<p>[\/vc_column_text][\/vc_column_inner][\/vc_row_inner]<\/div>[\/vc_column][\/vc_row][vc_row][vc_column]<div class=\"wrappedcontent\">[vc_column_text]<\/p>\n<p style=\"text-align: center;\"><span style=\"font-size: 20pt; color: #e94e1b;\"><strong>STRASSBURG UND SEINE REGION<\/strong><\/span><\/p>\n<p style=\"text-align: center;\"><span style=\"font-size: 14pt;\">Stra\u00dfburg ist zwar die Weihnachtshauptstadt, aber auch die umliegenden D\u00f6rfer sind einen Besuch wert.<\/span><br \/>\n<span style=\"font-size: 14pt;\">Zwischen Weinbergen und typischen D\u00f6rfern herrscht eine einzigartige Weihnachtsstimmung. <\/span><\/p>\n<p>[\/vc_column_text][vc_empty_space][vc_row_inner equal_height=&#8220;yes&#8220; gap=&#8220;35&#8243; css=&#8220;.vc_custom_1670599918028{margin-left: -0.5px !important;}&#8220;][vc_column_inner width=&#8220;2\/5&#8243;][vc_masonry_media_grid element_width=&#8220;12&#8243; gap=&#8220;0&#8243; grid_id=&#8220;vc_gid:1759239903534-4d74803c-24ce-7&#8243; include=&#8220;5119&#8243;][\/vc_column_inner][vc_column_inner width=&#8220;3\/5&#8243;][vc_empty_space][vc_column_text css=&#8220;.vc_custom_1671116950540{padding-top: 30px !important;}&#8220;]<span style=\"font-size: 18pt; color: #e94e1b;\"><strong>D\u00d6RFER, DIE EINEN BESUCH LOHNEN<\/strong><\/span><\/p>\n<p><span style=\"font-size: 14pt;\">Das kaum bekannte <strong>Haguenau<\/strong>, 30\u00a0Minuten von Stra\u00dfburg entfernt, mit authentischem und zauberhaftem Flair.<\/span><\/p>\n<p><span style=\"font-size: 14pt;\"><strong>Wintzenheim<\/strong>, die Wiege der ber\u00fchmten Flammkuchen. Oder das 40\u00a0Minuten entfernte S\u00e9lestat, in dem sich alles um den Weihnachtsbaum dreht.<\/span>[\/vc_column_text][\/vc_column_inner][\/vc_row_inner]<\/div>[\/vc_column][\/vc_row][vc_row css=&#8220;.vc_custom_1670515323251{background-color: rgba(233,78,27,0.2) !important;*background-color: rgb(233,78,27) !important;}&#8220;][vc_column]<div class=\"wrappedcontent\">[vc_column_text css=&#8220;.vc_custom_1671116966577{padding-bottom: 30px !important;}&#8220;]<\/p>\n<p style=\"text-align: center;\"><span style=\"font-size: 20pt; color: #e94e1b;\"><strong>\u00dcBERNACHTEN SIE IN STRASSBURG MITTEN IN DER NATUR<\/strong><\/span><\/p>\n<p>[\/vc_column_text][vc_row_inner equal_height=&#8220;yes&#8220; gap=&#8220;35&#8243; css=&#8220;.vc_custom_1670599923880{margin-left: -0.5px !important;}&#8220;][vc_column_inner width=&#8220;2\/5&#8243;][vc_images_carousel images=&#8220;5128,5146,5134,5140&#8243; img_size=&#8220;600&#215;500&#8243; autoplay=&#8220;yes&#8220; wrap=&#8220;yes&#8220;][\/vc_column_inner][vc_column_inner width=&#8220;3\/5&#8243;][vc_column_text css=&#8220;.vc_custom_1671116990529{padding-top: 50px !important;}&#8220;]<span style=\"font-size: 18pt; color: #e94e1b;\"><strong>MIETUNTERK\u00dcNFTE ODER STELLPL\u00c4TZE<\/strong><\/span><\/p>\n<p><span style=\"font-size: 14pt;\">Genie\u00dfen Sie den Komfort unserer Chalets, Schindelwagen und Cottages f\u00fcr bis zu 6 Personen.<br \/>\nEin ger\u00e4umiges Wohnzimmer, zwei Schlafzimmer, eine ausgestattete K\u00fcche, Bettw\u00e4sche und Handt\u00fccher inklusive. Der Komfort eines Hotelzimmers direkt in der Natur!<\/span><\/p>\n<p><span style=\"font-size: 14pt;\">Verbringen Sie auf unseren Campingstellpl\u00e4tzen f\u00fcr Vans und Reisemobile einen Aufenthalt im Herzen der Natur im Stadtpark von Stra\u00dfburg.<\/span>[\/vc_column_text]<div class=\"text-center btnwrap\"><a class=\"btn btn-huttopia-cta\" href=\"https:\/\/www.camping-strasbourg.com\/de\/mietunterkunfte\/\" role=\"button\" target=\"\" onclick=\"dataLayer.push({'event':'clickCity', 'clickText':'ENTDECKEN'})\">ENTDECKEN<\/a><\/div>[\/vc_column_inner][\/vc_row_inner]<\/div>[\/vc_column][\/vc_row][vc_row][vc_column]<div class=\"wrappedcontent\">[vc_row_inner equal_height=&#8220;yes&#8220; gap=&#8220;35&#8243; css=&#8220;.vc_custom_1670516959997{margin-left: -0.5px !important;}&#8220;][vc_column_inner width=&#8220;2\/5&#8243;][vc_masonry_media_grid element_width=&#8220;12&#8243; gap=&#8220;0&#8243; grid_id=&#8220;vc_gid:1759239903536-47bf6f2c-cadf-5&#8243; include=&#8220;6049&#8243;][\/vc_column_inner][vc_column_inner width=&#8220;3\/5&#8243;][vc_column_text css=&#8220;.vc_custom_1671117034470{padding-top: 30px !important;}&#8220;]<span style=\"font-size: 18pt; color: #e94e1b;\"><strong> DER GEMEINSCHAFTSRAUM<\/strong><\/span><\/p>\n<p><span style=\"font-size: 14pt;\">Spielen Sie abends eine Partie Tischfu\u00dfball oder machen Sie es sich beim Fernsehen auf dem Sofa gem\u00fctlich. Verbringen Sie ganz einfach eine sch\u00f6ne Zeit mit Freunden oder der Familie.<\/span>[\/vc_column_text][\/vc_column_inner][\/vc_row_inner][vc_empty_space height=&#8220;50&#8243;]<\/div>[\/vc_column][\/vc_row][vc_row css=&#8220;.vc_custom_1670600167146{background-color: rgba(233,78,27,0.2) !important;*background-color: rgb(233,78,27) !important;}&#8220;][vc_column]<div class=\"wrappedcontent\">[vc_column_text css=&#8220;.vc_custom_1671117045663{padding-bottom: 30px !important;}&#8220;]<\/p>\n<p style=\"text-align: center;\"><span style=\"font-size: 20pt; color: #e94e1b;\"><strong>IDEALE VERKEHRSANBINDUNG AN DIE<br \/>\nWEIHNACHTSM\u00c4RKTE<\/strong><\/span><\/p>\n<p>[\/vc_column_text][vc_row_inner equal_height=&#8220;yes&#8220; gap=&#8220;35&#8243; css=&#8220;.vc_custom_1670600157649{margin-left: -0.5px !important;}&#8220;][vc_column_inner width=&#8220;1\/6&#8243;][\/vc_column_inner][vc_column_inner width=&#8220;2\/6&#8243;][vc_masonry_media_grid element_width=&#8220;12&#8243; gap=&#8220;0&#8243; grid_id=&#8220;vc_gid:1759239903538-cbdd4102-2f8f-5&#8243; include=&#8220;5208&#8243;][vc_empty_space height=&#8220;15px&#8220;][vc_column_text]<\/p>\n<p style=\"text-align: center;\"><span style=\"font-size: 14pt;\">Der Campingplatz ist nur 8\u00a0km von der Stra\u00dfburger Innenstadt entfernt, die auch \u00fcber Fahrradwege erreichbar ist. Entdecken Sie Stra\u00dfburg mit \u00f6ffentlichen Verkehrsmitteln. Vor Ort haben Sie zudem die M\u00f6glichkeit, Fahrr\u00e4der zu leihen. <\/span><\/p>\n<p>[\/vc_column_text][\/vc_column_inner][vc_column_inner width=&#8220;2\/6&#8243;][vc_masonry_media_grid element_width=&#8220;12&#8243; gap=&#8220;0&#8243; grid_id=&#8220;vc_gid:1759239903539-daca0abd-b1a0-5&#8243; include=&#8220;5194&#8243;][vc_empty_space height=&#8220;15px&#8220;][vc_column_text]<\/p>\n<p style=\"text-align: center;\"><span style=\"font-size: 14pt;\">Der Bus, der direkt vor dem Ausgang des Campingplatzes abf\u00e4hrt, bringt Sie in weniger als 15\u00a0Minuten ins Stadtzentrum. In der Stadt k\u00f6nnen Sie die Stra\u00dfenbahn nehmen. <\/span><\/p>\n<p>[\/vc_column_text][\/vc_column_inner][vc_column_inner width=&#8220;1\/6&#8243;][\/vc_column_inner][\/vc_row_inner]<\/div>[\/vc_column][\/vc_row]<\/p>\n<\/div>","protected":false},"excerpt":{"rendered":"<p>[vc_row][vc_column][\/vc_column][\/vc_row][vc_row css=&#8220;.vc_custom_1670515323251{background-color: rgba(233,78,27,0.2) !important;*background-color: rgb(233,78,27) !important;}&#8220;][vc_column][\/vc_column][\/vc_row][vc_row][vc_column][\/vc_column][\/vc_row][vc_row css=&#8220;.vc_custom_1670515323251{background-color: rgba(233,78,27,0.2) !important;*background-color: rgb(233,78,27) !important;}&#8220;][vc_column][\/vc_column][\/vc_row][vc_row][vc_column][\/vc_column][\/vc_row][vc_row css=&#8220;.vc_custom_1670600167146{background-color: rgba(233,78,27,0.2) !important;*background-color: rgb(233,78,27) !important;}&#8220;][vc_column][\/vc_column][\/vc_row]<\/p>\n","protected":false},"author":4,"featured_media":0,"parent":0,"menu_order":0,"comment_status":"closed","ping_status":"closed","template":"","meta":{"footnotes":""},"class_list":["post-5220","page","type-page","status-publish","hentry"],"yoast_head":"<!-- This site is optimized with the Yoast SEO plugin v25.6 - https:\/\/yoast.com\/wordpress\/plugins\/seo\/ -->\n<title>Weihnachtsm\u00e4rkte - Camping de Strasbourg<\/title>\n<meta name=\"description\" content=\"March\u00e9s de No\u00ebl ! R\u00e9servez votre s\u00e9jour au c\u0153ur de la magie de No\u00ebl \u00e0 Strasbourg.\" \/>\n<meta name=\"robots\" content=\"index, follow, max-snippet:-1, max-image-preview:large, max-video-preview:-1\" \/>\n<link rel=\"canonical\" href=\"https:\/\/www.camping-strasbourg.com\/de\/weihnachtsmaerkte\/\" \/>\n<meta property=\"og:locale\" content=\"de_DE\" \/>\n<meta property=\"og:type\" content=\"article\" \/>\n<meta property=\"og:title\" content=\"Weihnachtsm\u00e4rkte - Camping de Strasbourg\" \/>\n<meta property=\"og:description\" content=\"March\u00e9s de No\u00ebl ! R\u00e9servez votre s\u00e9jour au c\u0153ur de la magie de No\u00ebl \u00e0 Strasbourg.\" \/>\n<meta property=\"og:url\" content=\"https:\/\/www.camping-strasbourg.com\/de\/weihnachtsmaerkte\/\" \/>\n<meta property=\"og:site_name\" content=\"Camping de Strasbourg\" \/>\n<meta property=\"article:modified_time\" content=\"2025-10-21T08:27:43+00:00\" \/>\n<meta name=\"twitter:card\" content=\"summary_large_image\" \/>\n<meta name=\"twitter:label1\" content=\"Est. reading time\" \/>\n\t<meta name=\"twitter:data1\" content=\"3 Minuten\" \/>\n<script type=\"application\/ld+json\" class=\"yoast-schema-graph\">{\"@context\":\"https:\/\/schema.org\",\"@graph\":[{\"@type\":\"WebPage\",\"@id\":\"https:\/\/www.camping-strasbourg.com\/de\/weihnachtsmaerkte\/\",\"url\":\"https:\/\/www.camping-strasbourg.com\/de\/weihnachtsmaerkte\/\",\"name\":\"Weihnachtsm\u00e4rkte - Camping de Strasbourg\",\"isPartOf\":{\"@id\":\"https:\/\/www.camping-strasbourg.com\/de\/#website\"},\"datePublished\":\"2022-12-09T15:37:34+00:00\",\"dateModified\":\"2025-10-21T08:27:43+00:00\",\"description\":\"March\u00e9s de No\u00ebl ! R\u00e9servez votre s\u00e9jour au c\u0153ur de la magie de No\u00ebl \u00e0 Strasbourg.\",\"breadcrumb\":{\"@id\":\"https:\/\/www.camping-strasbourg.com\/de\/weihnachtsmaerkte\/#breadcrumb\"},\"inLanguage\":\"de-DE\",\"potentialAction\":[{\"@type\":\"ReadAction\",\"target\":[\"https:\/\/www.camping-strasbourg.com\/de\/weihnachtsmaerkte\/\"]}]},{\"@type\":\"BreadcrumbList\",\"@id\":\"https:\/\/www.camping-strasbourg.com\/de\/weihnachtsmaerkte\/#breadcrumb\",\"itemListElement\":[{\"@type\":\"ListItem\",\"position\":1,\"name\":\"Accueil\",\"item\":\"https:\/\/www.camping-strasbourg.com\/de\/\"},{\"@type\":\"ListItem\",\"position\":2,\"name\":\"Weihnachtsm\u00e4rkte\"}]},{\"@type\":\"WebSite\",\"@id\":\"https:\/\/www.camping-strasbourg.com\/de\/#website\",\"url\":\"https:\/\/www.camping-strasbourg.com\/de\/\",\"name\":\"Camping de Strasbourg\",\"description\":\"Un site utilisant Citykamp\",\"potentialAction\":[{\"@type\":\"SearchAction\",\"target\":{\"@type\":\"EntryPoint\",\"urlTemplate\":\"https:\/\/www.camping-strasbourg.com\/de\/?s={search_term_string}\"},\"query-input\":{\"@type\":\"PropertyValueSpecification\",\"valueRequired\":true,\"valueName\":\"search_term_string\"}}],\"inLanguage\":\"de-DE\"}]}<\/script>\n<!-- \/ Yoast SEO plugin. -->","yoast_head_json":{"title":"Weihnachtsm\u00e4rkte - Camping de Strasbourg","description":"March\u00e9s de No\u00ebl ! R\u00e9servez votre s\u00e9jour au c\u0153ur de la magie de No\u00ebl \u00e0 Strasbourg.","robots":{"index":"index","follow":"follow","max-snippet":"max-snippet:-1","max-image-preview":"max-image-preview:large","max-video-preview":"max-video-preview:-1"},"canonical":"https:\/\/www.camping-strasbourg.com\/de\/weihnachtsmaerkte\/","og_locale":"de_DE","og_type":"article","og_title":"Weihnachtsm\u00e4rkte - Camping de Strasbourg","og_description":"March\u00e9s de No\u00ebl ! R\u00e9servez votre s\u00e9jour au c\u0153ur de la magie de No\u00ebl \u00e0 Strasbourg.","og_url":"https:\/\/www.camping-strasbourg.com\/de\/weihnachtsmaerkte\/","og_site_name":"Camping de Strasbourg","article_modified_time":"2025-10-21T08:27:43+00:00","twitter_card":"summary_large_image","twitter_misc":{"Est. reading time":"3 Minuten"},"schema":{"@context":"https:\/\/schema.org","@graph":[{"@type":"WebPage","@id":"https:\/\/www.camping-strasbourg.com\/de\/weihnachtsmaerkte\/","url":"https:\/\/www.camping-strasbourg.com\/de\/weihnachtsmaerkte\/","name":"Weihnachtsm\u00e4rkte - Camping de Strasbourg","isPartOf":{"@id":"https:\/\/www.camping-strasbourg.com\/de\/#website"},"datePublished":"2022-12-09T15:37:34+00:00","dateModified":"2025-10-21T08:27:43+00:00","description":"March\u00e9s de No\u00ebl ! R\u00e9servez votre s\u00e9jour au c\u0153ur de la magie de No\u00ebl \u00e0 Strasbourg.","breadcrumb":{"@id":"https:\/\/www.camping-strasbourg.com\/de\/weihnachtsmaerkte\/#breadcrumb"},"inLanguage":"de-DE","potentialAction":[{"@type":"ReadAction","target":["https:\/\/www.camping-strasbourg.com\/de\/weihnachtsmaerkte\/"]}]},{"@type":"BreadcrumbList","@id":"https:\/\/www.camping-strasbourg.com\/de\/weihnachtsmaerkte\/#breadcrumb","itemListElement":[{"@type":"ListItem","position":1,"name":"Accueil","item":"https:\/\/www.camping-strasbourg.com\/de\/"},{"@type":"ListItem","position":2,"name":"Weihnachtsm\u00e4rkte"}]},{"@type":"WebSite","@id":"https:\/\/www.camping-strasbourg.com\/de\/#website","url":"https:\/\/www.camping-strasbourg.com\/de\/","name":"Camping de Strasbourg","description":"Un site utilisant Citykamp","potentialAction":[{"@type":"SearchAction","target":{"@type":"EntryPoint","urlTemplate":"https:\/\/www.camping-strasbourg.com\/de\/?s={search_term_string}"},"query-input":{"@type":"PropertyValueSpecification","valueRequired":true,"valueName":"search_term_string"}}],"inLanguage":"de-DE"}]}},"_links":{"self":[{"href":"https:\/\/www.camping-strasbourg.com\/de\/wp-json\/wp\/v2\/pages\/5220","targetHints":{"allow":["GET"]}}],"collection":[{"href":"https:\/\/www.camping-strasbourg.com\/de\/wp-json\/wp\/v2\/pages"}],"about":[{"href":"https:\/\/www.camping-strasbourg.com\/de\/wp-json\/wp\/v2\/types\/page"}],"author":[{"embeddable":true,"href":"https:\/\/www.camping-strasbourg.com\/de\/wp-json\/wp\/v2\/users\/4"}],"replies":[{"embeddable":true,"href":"https:\/\/www.camping-strasbourg.com\/de\/wp-json\/wp\/v2\/comments?post=5220"}],"version-history":[{"count":3,"href":"https:\/\/www.camping-strasbourg.com\/de\/wp-json\/wp\/v2\/pages\/5220\/revisions"}],"predecessor-version":[{"id":6356,"href":"https:\/\/www.camping-strasbourg.com\/de\/wp-json\/wp\/v2\/pages\/5220\/revisions\/6356"}],"wp:attachment":[{"href":"https:\/\/www.camping-strasbourg.com\/de\/wp-json\/wp\/v2\/media?parent=5220"}],"curies":[{"name":"wp","href":"https:\/\/api.w.org\/{rel}","templated":true}]}}