{"id":705,"date":"2018-02-02T11:53:12","date_gmt":"2018-02-02T10:53:12","guid":{"rendered":"http:\/\/www.camping-strasbourg.com\/de\/emplacements\/"},"modified":"2025-01-08T08:42:53","modified_gmt":"2025-01-08T07:42:53","slug":"stellplatze","status":"publish","type":"page","link":"https:\/\/www.camping-strasbourg.com\/de\/stellplatze\/","title":{"rendered":"Emplacements"},"content":{"rendered":"<div class=\"wpb-content-wrapper\"><p>[vc_row][vc_column][vc_single_image image=&#8220;4690&#8243; img_size=&#8220;1900&#215;500&#8243;][\/vc_column][\/vc_row][vc_row][vc_column]<div class=\"wrappedcontent\">[vc_column_text]<\/p>\n<h3 style=\"text-align: center;\"><strong>CAMPEN SIE IM ST\u00c4DTISCHEN NATURPARK VON STRASSBURG<\/strong><\/h3>\n<p style=\"text-align: center;\">Machen Sie es sich zu jeder Jahreszeit mit Ihrem Zelt, Wohnwagen oder Wohnmobil auf den sch\u00f6nen und gro\u00dfz\u00fcgig angelegten Stellpl\u00e4tzen gem\u00fctlich.<\/p>\n<p style=\"text-align: center;\">Der Camping de Strasbourg h\u00e4lt f\u00fcr Sie im Herzen eines wundersch\u00f6nen 3 ha gro\u00dfen Parks \u00fcber 115 schattige und sonnige Stellpl\u00e4tze bereit.<\/p>\n<p>&nbsp;<\/p>\n<p style=\"text-align: center;\">Bitte beachten Sie die <span style=\"text-decoration: underline;\"><a href=\"https:\/\/www.camping-strasbourg.com\/de\/\">besondere Regelung f\u00fcr den Fahrzeugverkehr in Stra\u00dfburg<\/a><\/span>.<\/p>\n<p>[\/vc_column_text][vc_empty_space height=&#8220;30px&#8220;][vc_row_inner gap=&#8220;35&#8243; css=&#8220;.vc_custom_1718007684457{margin-left: -0.5px !important;}&#8220;][vc_column_inner width=&#8220;1\/2&#8243;][vc_column_text]<\/p>\n<h5 style=\"text-align: center;\"><span style=\"color: #e84e1b;\">Zelt- und Stellpl\u00e4tze<\/span><\/h5>\n<p>[\/vc_column_text][vc_empty_space height=&#8220;12px&#8220;][vc_single_image image=&#8220;4702&#8243; img_size=&#8220;full&#8220; alignment=&#8220;center&#8220;][vc_empty_space height=&#8220;12px&#8220;][vc_column_text css=&#8220;&#8220;]Schlagen Sie Ihr Zelt auf einem der sch\u00f6nen, ebenen und grasbewachsenen Stellpl\u00e4tze auf! Zur Auswahl stehen schattige oder sonnige Stellpl\u00e4tze &#8211; mit oder ohne Stromanschluss (10A).<br \/>\nIm Winter sind die Wetterbedingungen in Elsass besonders hart, <strong>weshalb das Zelten vom 1. Dezember bis zum 1. M\u00e4rz verboten ist.<\/strong>[\/vc_column_text][\/vc_column_inner][vc_column_inner width=&#8220;1\/2&#8243;][vc_column_text]<\/p>\n<h5 style=\"text-align: center;\"><span style=\"color: #e84e1b;\">Wohnmobile<\/span><\/h5>\n<p>[\/vc_column_text][vc_empty_space height=&#8220;12px&#8220;][vc_single_image image=&#8220;4714&#8243; img_size=&#8220;full&#8220; alignment=&#8220;center&#8220;][vc_empty_space height=&#8220;12px&#8220;][vc_column_text]Bei uns finden Sie speziell f\u00fcr Wohnmobile und Wohnwagen ausger\u00fcstete Stellpl\u00e4tze. Vor Ort gibt es auch eine Reisemobil-Servicestation.<br \/>\n<em>F\u00fcr Wohnmobilreisende, die nur eine Nacht bleiben m\u00f6chten, bieten wir den praktischen Extrabereich \u201eEtape Camping-Car\u201f gleich am Eingang des Campingplatzes an.<\/em>[\/vc_column_text][\/vc_column_inner][\/vc_row_inner][vc_row_inner css=&#8220;.vc_custom_1718007690833{margin-left: -0.5px !important;}&#8220;][vc_column_inner][vc_empty_space][vc_column_text]<span style=\"text-decoration: underline;\">Hinweis<\/span>: Wenn Ihr <strong>Wohnmobil h\u00f6her als 3,60 m ist<\/strong>, informieren Sie uns bitte vor Ihrer Ankunft unter +33 (0)3 88 30 19 96, damit wir Ihnen eine geeignetere Route f\u00fcr den Zugang zum Campingplatz mit Ihrem Wohnmobil zeigen k\u00f6nnen.[\/vc_column_text][\/vc_column_inner][\/vc_row_inner][vc_row_inner css=&#8220;.vc_custom_1718007698661{margin-left: -0.5px !important;}&#8220;][vc_column_inner]<div class=\"text-center btnwrap\"><a class=\"btn btn-huttopia-cta\" href=\"http:\/\/checkout.citykamp.com\/site\/de\/907\" role=\"button\" target=\"\" onclick=\"dataLayer.push({'event':'clickCity', 'clickText':'Aufenthalt buchen'})\">Aufenthalt buchen<\/a><\/div>[\/vc_column_inner][\/vc_row_inner]<\/div>[\/vc_column][\/vc_row][vc_row][vc_column]<div class=\"wrappedcontent\">[vc_row_inner equal_height=&#8220;yes&#8220; gap=&#8220;30&#8243; css=&#8220;.vc_custom_1678720428403{margin-left: -0.5px !important;background-color: rgba(232,78,27,0.2) !important;*background-color: rgb(232,78,27) !important;}&#8220;][vc_column_inner width=&#8220;1\/4&#8243;][vc_single_image image=&#8220;5419&#8243; img_size=&#8220;600*500&#8243; alignment=&#8220;center&#8220;][\/vc_column_inner][vc_column_inner width=&#8220;3\/4&#8243;][vc_column_text]<\/p>\n<h2><span style=\"color: #e94e1b;\">CAMPING CARD<\/span><\/h2>\n<p><span style=\"font-size: 12pt;\">Campen Sie ab <span style=\"color: #e84e1b;\"><strong>15\u20ac<\/strong><\/span>* pro \u00dcbernachtung mit der <span style=\"color: #e94e1b;\"><a style=\"color: #e94e1b;\" href=\"https:\/\/www.citykamp.com\/de\/camping-card\/\"><span style=\"text-decoration: underline;\">Camping Card<\/span><\/a><\/span>\u00a0Huttopia.<\/span><br \/>\n<span style=\"font-size: 12pt;\">Profitieren Sie von reduzierten Preisen und Gratis\u00fcbernachtungen in der Vor- und Nachsaison auf allen <span style=\"text-decoration: underline; color: #e94e1b;\"><a style=\"color: #e94e1b; text-decoration: underline;\" href=\"https:\/\/www.citykamp.com\/de\/reiseziele\/\">CityKamp<\/a><\/span> Campingpl\u00e4tzen, <span style=\"text-decoration: underline; color: #e94e1b;\"><a style=\"color: #e94e1b; text-decoration: underline;\" href=\"https:\/\/www.onlycamp.fr\/en\/\">Onlycamp<\/a><\/span> en <span style=\"text-decoration: underline; color: #e94e1b;\"><a style=\"color: #e94e1b; text-decoration: underline;\" href=\"https:\/\/europe.huttopia.com\/de\/destinations\/campings\/\">Huttopia Campingpl\u00e4tzen<\/a><\/span>.<\/span><\/p>\n<p><em><span style=\"font-size: 10pt;\">*Preis beinhaltet 1 Stellplatz f\u00fcr 2 Personen mit Stromanschluss (+ Haustier gratis)<\/span><\/em>[\/vc_column_text]<div class=\" btnwrap\"><a class=\"btn btn-huttopia-cta\" href=\"https:\/\/www.citykamp.com\/de\/camping-card\/\" role=\"button\" target=\"true\" onclick=\"dataLayer.push({'event':'clickCity', 'clickText':'MEHR ERFAHREN'})\">MEHR ERFAHREN<\/a><\/div>[\/vc_column_inner][\/vc_row_inner]<\/div>[\/vc_column][\/vc_row][vc_row css=&#8220;.vc_custom_1518777338629{background-color: #e8e8e8 !important;}&#8220;][vc_column]<div class=\"wrappedcontent\">[vc_row_inner gap=&#8220;35&#8243; css=&#8220;.vc_custom_1718007710129{margin-left: -0.5px !important;}&#8220;][vc_column_inner width=&#8220;1\/2&#8243;][vc_column_text]<\/p>\n<h4>Sanit\u00e4ranlagen<\/h4>\n<p>Der Camping de Strasbourg verf\u00fcgt \u00fcber 2 vollkommen neue beheizte und sehr komfortable Sanit\u00e4rgeb\u00e4ude, die das ganze Jahr \u00fcber ge\u00f6ffnet sind.<br \/>\nF\u00fcr Familien gibt es familiengerechten Einrichtungen wie Familienbadezimmer, Baby-Bereich, kindergerechten WCs usw&#8230;<br \/>\nUnd nat\u00fcrlich besitzen unsere Sanit\u00e4ranlagen auch einen barrierefreien Bereich.[\/vc_column_text][\/vc_column_inner][vc_column_inner width=&#8220;1\/2&#8243;][vc_masonry_media_grid element_width=&#8220;6&#8243; gap=&#8220;10&#8243; item=&#8220;137&#8243; grid_id=&#8220;vc_gid:1736322264116-fb559572-bef7-10&#8243; include=&#8220;1537,4724&#8243;][\/vc_column_inner][\/vc_row_inner]<\/div>[\/vc_column][\/vc_row][vc_row][vc_column]<div class=\"wrappedcontent\">[vc_column_text]<\/p>\n<h4>Serviceleistungen f\u00fcr Camper<\/h4>\n<ul>\n<li>K\u00fchlschrankverleih<\/li>\n<li>Grillger\u00e4tverleih<\/li>\n<li>Verleih von Baby-Set<\/li>\n<\/ul>\n<p>[\/vc_column_text][vc_empty_space height=&#8220;40px&#8220;][vc_row_inner equal_height=&#8220;yes&#8220; gap=&#8220;15&#8243; css=&#8220;.vc_custom_1718007715454{margin-left: -0.5px !important;}&#8220;][vc_column_inner width=&#8220;1\/3&#8243; css=&#8220;.vc_custom_1526389649105{background-color: #e8e8e8 !important;}&#8220;][vc_icon icon_fontawesome=&#8220;far fa-map&#8220; color=&#8220;custom&#8220; size=&#8220;lg&#8220; align=&#8220;center&#8220; css=&#8220;.vc_custom_1676299168163{margin-bottom: -10px !important;padding-top: 15px !important;}&#8220; custom_color=&#8220;#e84e1b&#8220; link=&#8220;url:https%3A%2F%2Fmedia.huttopia.com%2Fdestinations%2Fstrasbourg%2Fplan-citykamp-camping-strasbourg.pdf|target:_blank&#8220;][vc_column_text css=&#8220;.vc_custom_1676299176117{padding-top: 25px !important;padding-right: 15px !important;padding-bottom: 15px !important;padding-left: 15px !important;}&#8220;]<\/p>\n<p style=\"text-align: center;\"><a href=\"https:\/\/media.huttopia.com\/destinations\/strasbourg\/plan-citykamp-camping-strasbourg.pdf\" target=\"_blank\" rel=\"noopener noreferrer\"><strong>Platzplan<\/strong><\/a><\/p>\n<p>[\/vc_column_text][\/vc_column_inner][vc_column_inner width=&#8220;1\/3&#8243; css=&#8220;.vc_custom_1526389655824{background-color: #e8e8e8 !important;}&#8220;][vc_icon icon_fontawesome=&#8220;fa fa-calendar-check-o&#8220; color=&#8220;custom&#8220; size=&#8220;lg&#8220; align=&#8220;center&#8220; css=&#8220;.vc_custom_1526393071452{margin-bottom: -10px !important;padding-top: 15px !important;}&#8220; custom_color=&#8220;#e84e1b&#8220; link=&#8220;url:http%3A%2F%2Fcheckout.citykamp.com%2Fsite%2Fde%2F907||target:%20_blank|&#8220;][vc_column_text css=&#8220;.vc_custom_1526393059098{padding-top: 25px !important;padding-right: 15px !important;padding-bottom: 15px !important;padding-left: 15px !important;}&#8220;]<\/p>\n<p style=\"text-align: center;\"><a href=\"http:\/\/checkout.citykamp.com\/site\/de\/907\" target=\"_blank\" rel=\"noopener noreferrer\"><strong>Ihren Aufenthalt buchen<\/strong><\/a><\/p>\n<p>[\/vc_column_text][\/vc_column_inner][vc_column_inner width=&#8220;1\/3&#8243; css=&#8220;.vc_custom_1526389667115{background-color: #e8e8e8 !important;}&#8220;][vc_icon icon_fontawesome=&#8220;fa fa-map-marker&#8220; color=&#8220;custom&#8220; size=&#8220;lg&#8220; align=&#8220;center&#8220; css=&#8220;.vc_custom_1526389983200{margin-bottom: -10px !important;padding-top: 15px !important;}&#8220; custom_color=&#8220;#e84e1b&#8220; link=&#8220;url:https%3A%2F%2Fgoo.gl%2Fmaps%2FD2aPTdJ8Jry||target:%20_blank|&#8220;][vc_column_text css=&#8220;.vc_custom_1526393086967{padding-top: 25px !important;padding-right: 15px !important;padding-bottom: 15px !important;padding-left: 15px !important;}&#8220;]<\/p>\n<p style=\"text-align: center;\"><a href=\"https:\/\/goo.gl\/maps\/D2aPTdJ8Jry\" target=\"_blank\" rel=\"noopener noreferrer\"><strong>Reiseroute<\/strong><\/a><\/p>\n<p>[\/vc_column_text][\/vc_column_inner][\/vc_row_inner]<\/div>[\/vc_column][\/vc_row][vc_row css=&#8220;.vc_custom_1526393110523{background-color: #e8e8e8 !important;}&#8220;][vc_column]<div class=\"wrappedcontent\">[vc_column_text]<\/p>\n<h4>Fotogalerie<\/h4>\n<p>[\/vc_column_text][vc_empty_space height=&#8220;18px&#8220;][vc_masonry_media_grid style=&#8220;load-more&#8220; items_per_page=&#8220;4&#8243; element_width=&#8220;3&#8243; gap=&#8220;10&#8243; item=&#8220;1053&#8243; btn_title=&#8220;MEHR&#8220; btn_style=&#8220;custom&#8220; btn_custom_background=&#8220;#e84e1b&#8220; btn_custom_text=&#8220;#ffffff&#8220; btn_shape=&#8220;square&#8220; btn_i_icon_fontawesome=&#8220;fa fa-camera&#8220; btn_add_icon=&#8220;true&#8220; grid_id=&#8220;vc_gid:1736322264118-29d21362-2b3e-4&#8243; include=&#8220;2357,2362,2342,2347,2352,2367,2372,2377,4772,4766,4760,4754,4748,4742,4736,5771,5765,5759&#8243;]<\/div>[\/vc_column][\/vc_row]<\/p>\n<\/div>","protected":false},"excerpt":{"rendered":"<p>[vc_row][vc_column][vc_single_image image=&#8220;4690&#8243; img_size=&#8220;1900&#215;500&#8243;][\/vc_column][\/vc_row][vc_row][vc_column][\/vc_column][\/vc_row][vc_row][vc_column][\/vc_column][\/vc_row][vc_row css=&#8220;.vc_custom_1518777338629{background-color: #e8e8e8 !important;}&#8220;][vc_column][\/vc_column][\/vc_row][vc_row][vc_column][\/vc_column][\/vc_row][vc_row css=&#8220;.vc_custom_1526393110523{background-color: #e8e8e8 !important;}&#8220;][vc_column][\/vc_column][\/vc_row]<\/p>\n","protected":false},"author":1,"featured_media":0,"parent":0,"menu_order":0,"comment_status":"closed","ping_status":"closed","template":"","meta":{"footnotes":""},"class_list":["post-705","page","type-page","status-publish","hentry"],"yoast_head":"<!-- This site is optimized with the Yoast SEO plugin v25.6 - https:\/\/yoast.com\/wordpress\/plugins\/seo\/ -->\n<title>Campen Sie auf gro\u00dfen und sch\u00f6nen Stellpl\u00e4tze - Camping de Strasbourg<\/title>\n<meta name=\"description\" content=\"Camping de Strasbourg bietet 105 schattige oder sonnige Stellpl\u00e4tze im Herzen eines sch\u00f6nen Parks von 3 ha. Genie\u00dfen Sie hochwertige Dienstleistungen und Annehmlichkeiten.\" \/>\n<meta name=\"robots\" content=\"index, follow, max-snippet:-1, max-image-preview:large, max-video-preview:-1\" \/>\n<link rel=\"canonical\" href=\"https:\/\/www.camping-strasbourg.com\/de\/stellplatze\/\" \/>\n<meta property=\"og:locale\" content=\"de_DE\" \/>\n<meta property=\"og:type\" content=\"article\" \/>\n<meta property=\"og:title\" content=\"Campen Sie auf gro\u00dfen und sch\u00f6nen Stellpl\u00e4tze - Camping de Strasbourg\" \/>\n<meta property=\"og:description\" content=\"Camping de Strasbourg bietet 105 schattige oder sonnige Stellpl\u00e4tze im Herzen eines sch\u00f6nen Parks von 3 ha. Genie\u00dfen Sie hochwertige Dienstleistungen und Annehmlichkeiten.\" \/>\n<meta property=\"og:url\" content=\"https:\/\/www.camping-strasbourg.com\/de\/stellplatze\/\" \/>\n<meta property=\"og:site_name\" content=\"Camping de Strasbourg\" \/>\n<meta property=\"article:modified_time\" content=\"2025-01-08T07:42:53+00:00\" \/>\n<meta name=\"twitter:card\" content=\"summary_large_image\" \/>\n<meta name=\"twitter:label1\" content=\"Est. reading time\" \/>\n\t<meta name=\"twitter:data1\" content=\"5 Minuten\" \/>\n<script type=\"application\/ld+json\" class=\"yoast-schema-graph\">{\"@context\":\"https:\/\/schema.org\",\"@graph\":[{\"@type\":\"WebPage\",\"@id\":\"https:\/\/www.camping-strasbourg.com\/de\/stellplatze\/\",\"url\":\"https:\/\/www.camping-strasbourg.com\/de\/stellplatze\/\",\"name\":\"Campen Sie auf gro\u00dfen und sch\u00f6nen Stellpl\u00e4tze - Camping de Strasbourg\",\"isPartOf\":{\"@id\":\"https:\/\/www.camping-strasbourg.com\/de\/#website\"},\"datePublished\":\"2018-02-02T10:53:12+00:00\",\"dateModified\":\"2025-01-08T07:42:53+00:00\",\"description\":\"Camping de Strasbourg bietet 105 schattige oder sonnige Stellpl\u00e4tze im Herzen eines sch\u00f6nen Parks von 3 ha. Genie\u00dfen Sie hochwertige Dienstleistungen und Annehmlichkeiten.\",\"breadcrumb\":{\"@id\":\"https:\/\/www.camping-strasbourg.com\/de\/stellplatze\/#breadcrumb\"},\"inLanguage\":\"de-DE\",\"potentialAction\":[{\"@type\":\"ReadAction\",\"target\":[\"https:\/\/www.camping-strasbourg.com\/de\/stellplatze\/\"]}]},{\"@type\":\"BreadcrumbList\",\"@id\":\"https:\/\/www.camping-strasbourg.com\/de\/stellplatze\/#breadcrumb\",\"itemListElement\":[{\"@type\":\"ListItem\",\"position\":1,\"name\":\"Accueil\",\"item\":\"https:\/\/www.camping-strasbourg.com\/de\/\"},{\"@type\":\"ListItem\",\"position\":2,\"name\":\"Emplacements\"}]},{\"@type\":\"WebSite\",\"@id\":\"https:\/\/www.camping-strasbourg.com\/de\/#website\",\"url\":\"https:\/\/www.camping-strasbourg.com\/de\/\",\"name\":\"Camping de Strasbourg\",\"description\":\"Un site utilisant Citykamp\",\"potentialAction\":[{\"@type\":\"SearchAction\",\"target\":{\"@type\":\"EntryPoint\",\"urlTemplate\":\"https:\/\/www.camping-strasbourg.com\/de\/?s={search_term_string}\"},\"query-input\":{\"@type\":\"PropertyValueSpecification\",\"valueRequired\":true,\"valueName\":\"search_term_string\"}}],\"inLanguage\":\"de-DE\"}]}<\/script>\n<!-- \/ Yoast SEO plugin. -->","yoast_head_json":{"title":"Campen Sie auf gro\u00dfen und sch\u00f6nen Stellpl\u00e4tze - Camping de Strasbourg","description":"Camping de Strasbourg bietet 105 schattige oder sonnige Stellpl\u00e4tze im Herzen eines sch\u00f6nen Parks von 3 ha. Genie\u00dfen Sie hochwertige Dienstleistungen und Annehmlichkeiten.","robots":{"index":"index","follow":"follow","max-snippet":"max-snippet:-1","max-image-preview":"max-image-preview:large","max-video-preview":"max-video-preview:-1"},"canonical":"https:\/\/www.camping-strasbourg.com\/de\/stellplatze\/","og_locale":"de_DE","og_type":"article","og_title":"Campen Sie auf gro\u00dfen und sch\u00f6nen Stellpl\u00e4tze - Camping de Strasbourg","og_description":"Camping de Strasbourg bietet 105 schattige oder sonnige Stellpl\u00e4tze im Herzen eines sch\u00f6nen Parks von 3 ha. Genie\u00dfen Sie hochwertige Dienstleistungen und Annehmlichkeiten.","og_url":"https:\/\/www.camping-strasbourg.com\/de\/stellplatze\/","og_site_name":"Camping de Strasbourg","article_modified_time":"2025-01-08T07:42:53+00:00","twitter_card":"summary_large_image","twitter_misc":{"Est. reading time":"5 Minuten"},"schema":{"@context":"https:\/\/schema.org","@graph":[{"@type":"WebPage","@id":"https:\/\/www.camping-strasbourg.com\/de\/stellplatze\/","url":"https:\/\/www.camping-strasbourg.com\/de\/stellplatze\/","name":"Campen Sie auf gro\u00dfen und sch\u00f6nen Stellpl\u00e4tze - Camping de Strasbourg","isPartOf":{"@id":"https:\/\/www.camping-strasbourg.com\/de\/#website"},"datePublished":"2018-02-02T10:53:12+00:00","dateModified":"2025-01-08T07:42:53+00:00","description":"Camping de Strasbourg bietet 105 schattige oder sonnige Stellpl\u00e4tze im Herzen eines sch\u00f6nen Parks von 3 ha. Genie\u00dfen Sie hochwertige Dienstleistungen und Annehmlichkeiten.","breadcrumb":{"@id":"https:\/\/www.camping-strasbourg.com\/de\/stellplatze\/#breadcrumb"},"inLanguage":"de-DE","potentialAction":[{"@type":"ReadAction","target":["https:\/\/www.camping-strasbourg.com\/de\/stellplatze\/"]}]},{"@type":"BreadcrumbList","@id":"https:\/\/www.camping-strasbourg.com\/de\/stellplatze\/#breadcrumb","itemListElement":[{"@type":"ListItem","position":1,"name":"Accueil","item":"https:\/\/www.camping-strasbourg.com\/de\/"},{"@type":"ListItem","position":2,"name":"Emplacements"}]},{"@type":"WebSite","@id":"https:\/\/www.camping-strasbourg.com\/de\/#website","url":"https:\/\/www.camping-strasbourg.com\/de\/","name":"Camping de Strasbourg","description":"Un site utilisant Citykamp","potentialAction":[{"@type":"SearchAction","target":{"@type":"EntryPoint","urlTemplate":"https:\/\/www.camping-strasbourg.com\/de\/?s={search_term_string}"},"query-input":{"@type":"PropertyValueSpecification","valueRequired":true,"valueName":"search_term_string"}}],"inLanguage":"de-DE"}]}},"_links":{"self":[{"href":"https:\/\/www.camping-strasbourg.com\/de\/wp-json\/wp\/v2\/pages\/705","targetHints":{"allow":["GET"]}}],"collection":[{"href":"https:\/\/www.camping-strasbourg.com\/de\/wp-json\/wp\/v2\/pages"}],"about":[{"href":"https:\/\/www.camping-strasbourg.com\/de\/wp-json\/wp\/v2\/types\/page"}],"author":[{"embeddable":true,"href":"https:\/\/www.camping-strasbourg.com\/de\/wp-json\/wp\/v2\/users\/1"}],"replies":[{"embeddable":true,"href":"https:\/\/www.camping-strasbourg.com\/de\/wp-json\/wp\/v2\/comments?post=705"}],"version-history":[{"count":5,"href":"https:\/\/www.camping-strasbourg.com\/de\/wp-json\/wp\/v2\/pages\/705\/revisions"}],"predecessor-version":[{"id":6276,"href":"https:\/\/www.camping-strasbourg.com\/de\/wp-json\/wp\/v2\/pages\/705\/revisions\/6276"}],"wp:attachment":[{"href":"https:\/\/www.camping-strasbourg.com\/de\/wp-json\/wp\/v2\/media?parent=705"}],"curies":[{"name":"wp","href":"https:\/\/api.w.org\/{rel}","templated":true}]}}