{"id":807,"date":"2018-02-02T11:53:46","date_gmt":"2018-02-02T10:53:46","guid":{"rendered":"http:\/\/www.camping-strasbourg.com\/es\/locatifs\/"},"modified":"2024-09-30T14:58:57","modified_gmt":"2024-09-30T12:58:57","slug":"alojamientos","status":"publish","type":"page","link":"https:\/\/www.camping-strasbourg.com\/es\/alojamientos\/","title":{"rendered":"Locatifs"},"content":{"rendered":"<div class=\"wpb-content-wrapper\"><p>[vc_row][vc_column][vc_single_image image=\u00bb4786&#8243; img_size=\u00bb1900&#215;500&#8243;][\/vc_column][\/vc_row][vc_row][vc_column]<div class=\"wrappedcontent\">[vc_row_inner gap=\u00bb35&#8243; css=\u00bb.vc_custom_1552643002488{margin-left: -0.5px !important;}\u00bb][vc_column_inner width=\u00bb2\/3&#8243;][vc_column_text]<\/p>\n<h4>Alojamiento confortable en el Camping de Strasbourg<\/h4>\n<p>\u00a1S\u00e1banas y toallas incluidas!<br \/>\nOpci\u00f3n confort +: camas hechas a la llegada (19 \u20ac \/ 1 a 4 camas hechas por alquiler)<\/p>\n<p>Por favor, ten en cuenta <span style=\"text-decoration: underline;\"><a href=\"https:\/\/www.camping-strasbourg.com\/es\/\">las medidas espec\u00edficas para la circulaci\u00f3n de veh\u00edculos en Estrasburgo<\/a><\/span>.[\/vc_column_text][\/vc_column_inner][vc_column_inner width=\u00bb1\/3&#8243; css=\u00bb.vc_custom_1552645748194{background-color: #e84e1b !important;}\u00bb][vc_column_text css=\u00bb.vc_custom_1553074635991{padding-top: 20px !important;padding-right: 25px !important;padding-bottom: 20px !important;padding-left: 25px !important;}\u00bb]<\/p>\n<p style=\"text-align: center;\"><span style=\"color: #ffffff;\"><strong>DESCUBRE NUESTRO ALOJAMIENTO<\/strong><\/span><\/p>\n<p style=\"text-align: center;\"><span style=\"color: #ffffff;\"><a style=\"color: #ffffff;\" href=\"#tentestoiles&amp;bois\"><u>Las Tiendas Tela y Madera<\/u><\/a><\/span><br \/>\n<span style=\"color: #ffffff;\"><a style=\"color: #ffffff;\" href=\"#chalets\"><u>Los Chalets<\/u><\/a><br \/>\n<span style=\"color: #ffffff;\"><a style=\"color: #ffffff;\" href=\"#mobilehomes\"><u>Las casitas m\u00f3viles<\/u><\/a><\/span><br \/>\n<a style=\"color: #ffffff;\" href=\"#roulottes\"><u>Las caravanas de madera<\/u><\/a><\/span>[\/vc_column_text][\/vc_column_inner][\/vc_row_inner]<\/div>[\/vc_column][\/vc_row][vc_row css=\u00bb.vc_custom_1591865018167{background-color: #e8e8e8 !important;}\u00bb el_id=\u00bbchalets\u00bb][vc_column]<div class=\"wrappedcontent\">[vc_column_text]<\/p>\n<h4>Los Chalets<\/h4>\n<p>[\/vc_column_text][vc_empty_space height=\u00bb35px\u00bb][vc_column_text css=\u00bb.vc_custom_1726825990040{padding-top: 15px !important;padding-right: 15px !important;padding-bottom: 15px !important;padding-left: 15px !important;}\u00bb]<\/p>\n<p style=\"text-align: center;\"><span style=\"font-size: 16pt;\"><strong>Chalet Montana<br \/>\n<\/strong><\/span><span style=\"font-size: 14pt;\">5 pers. &#8211; 35 m\u00b2<\/span><\/p>\n<p>[\/vc_column_text][vc_empty_space height=\u00bb35px\u00bb][vc_masonry_media_grid element_width=\u00bb3&#8243; gap=\u00bb10&#8243; item=\u00bb1053&#8243; grid_id=\u00bbvc_gid:1727701029763-bf7148ee-7b7e-1&#8243; include=\u00bb1279,1549,5791,5797&#8243;][vc_row_inner equal_height=\u00bbyes\u00bb content_placement=\u00bbmiddle\u00bb gap=\u00bb25&#8243; css=\u00bb.vc_custom_1552645971496{margin-left: -0.5px !important;}\u00bb][vc_column_inner width=\u00bb1\/2&#8243;][vc_column_text css=\u00bb.vc_custom_1727701134515{padding-right: 25px !important;padding-bottom: 25px !important;padding-left: 25px !important;}\u00bb]<span style=\"color: #e84e1b;\"><strong>El chalet Montana te ofrece un alojamiento c\u00f3modo y acogedor en cualquier estaci\u00f3n.<\/strong><\/span> Espaciosos, ofrecen una rinc\u00f3n sala de estar con estufa de le\u00f1a, una cocina totalmente equipada, dos habitaciones, una sala de ba\u00f1o con aseos y una bonita de terraza de 10 m\u00b2 abierta hacia la naturaleza.<\/p>\n<p>El Chalet Montana tambi\u00e9n est\u00e1 disponible con un dise\u00f1o adaptado para personas con movilidad reducida (PMR). 35m\u00b2 \u2013 4 pers.<\/p>\n<p><a href=\"https:\/\/media.huttopia.com\/hebergements\/53-chalet-indigo\/inventaires\/citykamp-inventaire-chalet-montana-fr-en.pdf\" target=\"_blank\" rel=\"noopener\">&gt; <u>Ver inventario<\/u><\/a>[\/vc_column_text][\/vc_column_inner][vc_column_inner width=\u00bb1\/2&#8243;][vc_icon type=\u00bbmaterial\u00bb icon_material=\u00bbvc-material vc-material-kitchen\u00bb color=\u00bbmulled_wine\u00bb size=\u00bbsm\u00bb align=\u00bbcenter\u00bb css=\u00bb.vc_custom_1552644399752{margin-top: -10px !important;margin-bottom: -10px !important;}\u00bb][vc_column_text]<\/p>\n<p style=\"text-align: center;\">Cocina equipada<\/p>\n<p>[\/vc_column_text][vc_separator color=\u00bbmulled_wine\u00bb el_width=\u00bb80&#8243; css=\u00bb.vc_custom_1552644470078{padding-top: 15px !important;padding-right: 15px !important;padding-bottom: 15px !important;padding-left: 15px !important;}\u00bb][vc_icon type=\u00bbmaterial\u00bb icon_material=\u00bbvc-material vc-material-beach_access\u00bb color=\u00bbmulled_wine\u00bb size=\u00bbsm\u00bb align=\u00bbcenter\u00bb css=\u00bb.vc_custom_1552644412429{margin-top: -10px !important;margin-bottom: -10px !important;}\u00bb][vc_column_text]<\/p>\n<p style=\"text-align: center;\">Terraza<\/p>\n<p>[\/vc_column_text][vc_separator color=\u00bbmulled_wine\u00bb el_width=\u00bb80&#8243; css=\u00bb.vc_custom_1552644470078{padding-top: 15px !important;padding-right: 15px !important;padding-bottom: 15px !important;padding-left: 15px !important;}\u00bb][vc_empty_space height=\u00bb12px\u00bb][vc_btn title=\u00bbVER EL PLAN\u00bb style=\u00bbcustom\u00bb custom_background=\u00bb#e84e1b\u00bb custom_text=\u00bb#ffffff\u00bb shape=\u00bbsquare\u00bb size=\u00bbxs\u00bb align=\u00bbcenter\u00bb link=\u00bburl:https%3A%2F%2Fmedia.huttopia.com%2Fhebergements%2F53-chalet-indigo%2F53-chalet-indigo-plan.jpg||target:%20_blank|\u00bb][\/vc_column_inner][\/vc_row_inner]<\/div>[\/vc_column][\/vc_row][vc_row el_id=\u00bbmobilehomes\u00bb][vc_column]<div class=\"wrappedcontent\">[vc_column_text]<\/p>\n<h4>Las casitas m\u00f3viles<\/h4>\n<p>[\/vc_column_text][vc_empty_space height=\u00bb35px\u00bb][vc_column_text css=\u00bb.vc_custom_1553074601931{padding-top: 15px !important;padding-right: 15px !important;padding-bottom: 15px !important;padding-left: 15px !important;background-color: #ffffff !important;}\u00bb]<\/p>\n<p style=\"text-align: center;\"><span style=\"font-size: 16pt;\"><strong>Las casitas m\u00f3viles \u201cCottages\u201d<br \/>\n<\/strong><\/span><span style=\"font-size: 14pt;\">6 pers. &#8211; 25 m\u00b2<\/span>[\/vc_column_text][vc_empty_space height=\u00bb35px\u00bb css=\u00bb.vc_custom_1552646434768{background-color: #ffffff !important;}\u00bb][vc_masonry_media_grid element_width=\u00bb3&#8243; gap=\u00bb10&#8243; item=\u00bb1053&#8243; css=\u00bb.vc_custom_1700817667317{margin-left: 20px !important;}\u00bb grid_id=\u00bbvc_gid:1727701029788-04ca44f2-73e1-0&#8243; include=\u00bb5820,1559,3314,3308&#8243;][vc_row_inner equal_height=\u00bbyes\u00bb content_placement=\u00bbmiddle\u00bb gap=\u00bb25&#8243; css=\u00bb.vc_custom_1552646549330{margin-left: -0.5px !important;background-color: #ffffff !important;}\u00bb][vc_column_inner width=\u00bb1\/2&#8243;][vc_column_text css=\u00bb.vc_custom_1718098172590{padding-right: 25px !important;padding-bottom: 25px !important;padding-left: 25px !important;background-color: #ffffff !important;}\u00bb]<strong><span style=\"color: #e84e1b;\">Las casitas m\u00f3viles del Camping de Strasbourg te ofrecen todas las comodidades para una estancia <\/span>, como en casa.<\/strong> Disfruta de un alojamiento muy luminoso, con grandes aberturas hacia el exterior y una preciosa terraza semicubierta para vivir al aire libre. Dispondr\u00e1s de un rinc\u00f3n cocina equipado, 2 habitaciones, un ba\u00f1o y aseos independientes.<\/p>\n<p><a href=\"https:\/\/media.huttopia.com\/hebergements\/11-mobile-home-cottage\/Inventaire\/citykamp-inventaire-mobile-cottage-fr-en.pdf\" target=\"_blank\" rel=\"noopener\">&gt; <u>Ver inventario<\/u><\/a>[\/vc_column_text][\/vc_column_inner][vc_column_inner width=\u00bb1\/2&#8243;][vc_icon type=\u00bbmaterial\u00bb icon_material=\u00bbvc-material vc-material-kitchen\u00bb color=\u00bbmulled_wine\u00bb size=\u00bbsm\u00bb align=\u00bbcenter\u00bb css=\u00bb.vc_custom_1552644399752{margin-top: -10px !important;margin-bottom: -10px !important;}\u00bb][vc_column_text]<\/p>\n<p style=\"text-align: center;\">Cocina equipada<\/p>\n<p>[\/vc_column_text][vc_separator color=\u00bbmulled_wine\u00bb el_width=\u00bb80&#8243; css=\u00bb.vc_custom_1552644470078{padding-top: 15px !important;padding-right: 15px !important;padding-bottom: 15px !important;padding-left: 15px !important;}\u00bb][vc_icon type=\u00bbmaterial\u00bb icon_material=\u00bbvc-material vc-material-beach_access\u00bb color=\u00bbmulled_wine\u00bb size=\u00bbsm\u00bb align=\u00bbcenter\u00bb css=\u00bb.vc_custom_1552644412429{margin-top: -10px !important;margin-bottom: -10px !important;}\u00bb][vc_column_text]<\/p>\n<p style=\"text-align: center;\">Terraza<\/p>\n<p>[\/vc_column_text][vc_separator color=\u00bbmulled_wine\u00bb el_width=\u00bb80&#8243; css=\u00bb.vc_custom_1552644470078{padding-top: 15px !important;padding-right: 15px !important;padding-bottom: 15px !important;padding-left: 15px !important;}\u00bb][vc_empty_space height=\u00bb12px\u00bb][vc_btn title=\u00bbVER EL PLAN\u00bb style=\u00bbcustom\u00bb custom_background=\u00bb#e84e1b\u00bb custom_text=\u00bb#ffffff\u00bb shape=\u00bbsquare\u00bb size=\u00bbxs\u00bb align=\u00bbcenter\u00bb link=\u00bburl:https%3A%2F%2Fmedia.huttopia.com%2Fhebergements%2F11-mobile-home-cottage%2F11-mobile-home-cottage-plan.jpg||target:%20_blank|\u00bb][\/vc_column_inner][\/vc_row_inner]<\/div>[\/vc_column][\/vc_row][vc_row el_id=\u00bbroulottes\u00bb css=\u00bb.vc_custom_1591865026726{background-color: #e8e8e8 !important;}\u00bb][vc_column]<div class=\"wrappedcontent\">[vc_column_text]<\/p>\n<h4>Las caravanas de madera<\/h4>\n<p>[\/vc_column_text][vc_empty_space height=\u00bb35px\u00bb][vc_column_text css=\u00bb.vc_custom_1553074625057{padding-top: 15px !important;padding-right: 15px !important;padding-bottom: 15px !important;padding-left: 15px !important;background-color: #ffffff !important;}\u00bb]<\/p>\n<p style=\"text-align: center;\"><span style=\"font-size: 16pt;\"><strong>Caravanas de madera<br \/>\n<\/strong><\/span><span style=\"font-size: 14pt;\">4 pers. &#8211; 21 m\u00b2<\/span>[\/vc_column_text][vc_empty_space height=\u00bb35px\u00bb][vc_masonry_media_grid element_width=\u00bb3&#8243; gap=\u00bb10&#8243; item=\u00bb137&#8243; css=\u00bb.vc_custom_1711394344783{margin-left: 20px !important;}\u00bb grid_id=\u00bbvc_gid:1727701029800-8630f2ee-1399-5&#8243; include=\u00bb3803,1564,3326,3320&#8243;][vc_row_inner equal_height=\u00bbyes\u00bb content_placement=\u00bbmiddle\u00bb gap=\u00bb25&#8243; css=\u00bb.vc_custom_1552647309414{margin-left: -0.5px !important;}\u00bb][vc_column_inner width=\u00bb1\/2&#8243;][vc_column_text css=\u00bb.vc_custom_1718098227604{padding-right: 25px !important;padding-bottom: 25px !important;padding-left: 25px !important;}\u00bb]<span style=\"color: #e84e1b;\"><strong>En el Camping de Strasbourg, tambi\u00e9n podr\u00e1s optar por una estancia de desconexi\u00f3n en una de nuestras caravanas de madera.<\/strong><\/span> Pasa una estancia en un alojamiento lleno de encanto, que ofrece todas las comodidades de una casa m\u00f3vil, adem\u00e1s de originalidad y desconexi\u00f3n.<\/p>\n<p>Dispondr\u00e1s de un rinc\u00f3n cocina equipado, 2 habitaciones, un ba\u00f1o con ducha y aseos independientes.<\/p>\n<p><a href=\"https:\/\/media.huttopia.com\/hebergements\/138-roulotte-xl\/inventaires\/citykamp-inventaire-roulotte-fr-en.pdf\" target=\"_blank\" rel=\"noopener\">&gt; <u>Ver inventario<\/u><\/a>[\/vc_column_text][\/vc_column_inner][vc_column_inner width=\u00bb1\/2&#8243;][vc_icon type=\u00bbmaterial\u00bb icon_material=\u00bbvc-material vc-material-kitchen\u00bb color=\u00bbmulled_wine\u00bb size=\u00bbsm\u00bb align=\u00bbcenter\u00bb css=\u00bb.vc_custom_1552644399752{margin-top: -10px !important;margin-bottom: -10px !important;}\u00bb][vc_column_text]<\/p>\n<p style=\"text-align: center;\">Cocina equipada<\/p>\n<p>[\/vc_column_text][vc_separator color=\u00bbmulled_wine\u00bb el_width=\u00bb80&#8243; css=\u00bb.vc_custom_1552644470078{padding-top: 15px !important;padding-right: 15px !important;padding-bottom: 15px !important;padding-left: 15px !important;}\u00bb][vc_icon type=\u00bbmaterial\u00bb icon_material=\u00bbvc-material vc-material-beach_access\u00bb color=\u00bbmulled_wine\u00bb size=\u00bbsm\u00bb align=\u00bbcenter\u00bb css=\u00bb.vc_custom_1552644412429{margin-top: -10px !important;margin-bottom: -10px !important;}\u00bb][vc_column_text]<\/p>\n<p style=\"text-align: center;\">Terraza<\/p>\n<p>[\/vc_column_text][vc_separator color=\u00bbmulled_wine\u00bb el_width=\u00bb80&#8243; css=\u00bb.vc_custom_1552644470078{padding-top: 15px !important;padding-right: 15px !important;padding-bottom: 15px !important;padding-left: 15px !important;}\u00bb][vc_empty_space height=\u00bb12px\u00bb][vc_btn title=\u00bbVER EL PLAN\u00bb style=\u00bbcustom\u00bb custom_background=\u00bb#e84e1b\u00bb custom_text=\u00bb#ffffff\u00bb shape=\u00bbsquare\u00bb size=\u00bbxs\u00bb align=\u00bbcenter\u00bb link=\u00bburl:https%3A%2F%2Fmedia.huttopia.com%2Fhebergements%2F40-roulotte%2F40-roulotte-plan.jpg||target:%20_blank|\u00bb][\/vc_column_inner][\/vc_row_inner]<\/div>[\/vc_column][\/vc_row][vc_row el_id=\u00bbtentestoiles&amp;bois\u00bb][vc_column]<div class=\"wrappedcontent\">[vc_column_text]<\/p>\n<h4>Las Tiendas Tela y Madera<\/h4>\n<p>[\/vc_column_text][vc_empty_space height=\u00bb35px\u00bb][vc_column_text css=\u00bb.vc_custom_1553074682554{padding-top: 15px !important;padding-right: 15px !important;padding-bottom: 15px !important;padding-left: 15px !important;background-color: #ffffff !important;}\u00bb]<\/p>\n<p style=\"text-align: center;\"><span style=\"font-size: 16pt;\"><strong>Tienda Classic 4<br \/>\n<\/strong><\/span><span style=\"font-size: 14pt;\">4 pers. &#8211; 20 m\u00b2<\/span>[\/vc_column_text][vc_empty_space height=\u00bb35px\u00bb css=\u00bb.vc_custom_1552644147888{background-color: #ffffff !important;}\u00bb][vc_masonry_media_grid element_width=\u00bb3&#8243; gap=\u00bb10&#8243; item=\u00bb1053&#8243; css=\u00bb.vc_custom_1669368173699{background-color: #ffffff !important;}\u00bb grid_id=\u00bbvc_gid:1727701029819-5691869e-c569-6&#8243; include=\u00bb4813,2912,2918,2924&#8243;][vc_row_inner equal_height=\u00bbyes\u00bb content_placement=\u00bbmiddle\u00bb gap=\u00bb25&#8243; css=\u00bb.vc_custom_1552644304681{margin-left: -0.5px !important;background-color: #ffffff !important;}\u00bb][vc_column_inner width=\u00bb1\/2&#8243;][vc_column_text css=\u00bb.vc_custom_1718098283979{padding-bottom: 25px !important;padding-left: 25px !important;}\u00bb]<strong><span style=\"color: #e84e1b;\">\u00a1Una tienda 100 % pr\u00e1ctica!<\/span> Con su sala de estar abierta hacia una gran terraza de madera, la tienda Classic 4 te ofrece todas las comodidades para acampar. \u00a1Su dise\u00f1o est\u00e1 especialmente pensado para pasar unas vacaciones incre\u00edbles!<\/strong><\/p>\n<p>Una zona com\u00fan con rinc\u00f3n cocina (nevera, cocina con dos fuegos, despensa, vajilla, etc.).<\/p>\n<p>Zona dormitorio con dos habitaciones: una con una cama de matrimonio (140\u00d7 200) y otra con dos camas individuales (80\u00d7 190).<\/p>\n<p>Exterior: terraza de madera, parasol y 2 sillas plegables.<\/p>\n<p><a href=\"https:\/\/media.huttopia.com\/hebergements\/30-tente-toile-bois-classic-4\/inventaire\/citykamp-inventaire-tente-classic-4-fr-en.pdf\" target=\"_blank\" rel=\"noopener\">&gt; <u>Ver inventario<\/u><\/a>[\/vc_column_text][\/vc_column_inner][vc_column_inner width=\u00bb1\/2&#8243;][vc_icon type=\u00bbmaterial\u00bb icon_material=\u00bbvc-material vc-material-kitchen\u00bb color=\u00bbmulled_wine\u00bb size=\u00bbsm\u00bb align=\u00bbcenter\u00bb css=\u00bb.vc_custom_1552644399752{margin-top: -10px !important;margin-bottom: -10px !important;}\u00bb][vc_column_text]<\/p>\n<p style=\"text-align: center;\">Cocina equipada<\/p>\n<p>[\/vc_column_text][vc_separator color=\u00bbmulled_wine\u00bb el_width=\u00bb80&#8243; css=\u00bb.vc_custom_1552644470078{padding-top: 15px !important;padding-right: 15px !important;padding-bottom: 15px !important;padding-left: 15px !important;}\u00bb][vc_icon type=\u00bbmaterial\u00bb icon_material=\u00bbvc-material vc-material-beach_access\u00bb color=\u00bbmulled_wine\u00bb size=\u00bbsm\u00bb align=\u00bbcenter\u00bb css=\u00bb.vc_custom_1552644412429{margin-top: -10px !important;margin-bottom: -10px !important;}\u00bb][vc_column_text]<\/p>\n<p style=\"text-align: center;\">Terraza<\/p>\n<p>[\/vc_column_text][vc_separator color=\u00bbmulled_wine\u00bb el_width=\u00bb80&#8243; css=\u00bb.vc_custom_1552644470078{padding-top: 15px !important;padding-right: 15px !important;padding-bottom: 15px !important;padding-left: 15px !important;}\u00bb][vc_empty_space height=\u00bb12px\u00bb][vc_btn title=\u00bbVER EL PLAN\u00bb style=\u00bbcustom\u00bb custom_background=\u00bb#e84e1b\u00bb custom_text=\u00bb#ffffff\u00bb shape=\u00bbsquare\u00bb size=\u00bbxs\u00bb align=\u00bbcenter\u00bb link=\u00bburl:https%3A%2F%2Fmedia.huttopia.com%2Fhebergements%2F30-tente-toile-bois-classic-4%2F30-tente-toile-bois-classic-4-plan.jpg||target:%20_blank|\u00bb][\/vc_column_inner][\/vc_row_inner][vc_empty_space height=\u00bb35px\u00bb][vc_column_text css=\u00bb.vc_custom_1553074690592{padding-top: 15px !important;padding-right: 15px !important;padding-bottom: 15px !important;padding-left: 15px !important;background-color: #ffffff !important;}\u00bb]<\/p>\n<p style=\"text-align: center;\"><span style=\"font-size: 16pt;\"><strong>Tienda Classic 5<br \/>\n<\/strong><\/span><span style=\"font-size: 14pt;\">5 pers. &#8211; 25 m\u00b2<\/span>[\/vc_column_text][vc_empty_space height=\u00bb35px\u00bb css=\u00bb.vc_custom_1552644147888{background-color: #ffffff !important;}\u00bb][vc_masonry_media_grid element_width=\u00bb3&#8243; gap=\u00bb10&#8243; item=\u00bb1053&#8243; css=\u00bb.vc_custom_1552645070411{background-color: #ffffff !important;}\u00bb grid_id=\u00bbvc_gid:1727701029827-16f36c4a-a98b-2&#8243; include=\u00bb2942,2936,2948,2930&#8243;][vc_row_inner equal_height=\u00bbyes\u00bb content_placement=\u00bbmiddle\u00bb gap=\u00bb25&#8243; css=\u00bb.vc_custom_1552644304681{margin-left: -0.5px !important;background-color: #ffffff !important;}\u00bb][vc_column_inner width=\u00bb1\/2&#8243;][vc_column_text css=\u00bb.vc_custom_1718098339566{padding-bottom: 25px !important;padding-left: 25px !important;}\u00bb]<strong><span style=\"color: #e84e1b;\">Para evadirse bajo las estrellas\u2026<\/span> <strong>Para unas estancias en familia o entre amigos, dispone de una sala de estar agradable, abierta hacia una bonita terraza de madera.<\/strong><\/strong><\/p>\n<p>Una zona com\u00fan con rinc\u00f3n cocina (nevera, cocina con dos fuegos, despensa, vajilla, etc.).<\/p>\n<p>Zona dormitorio con dos habitaciones: una con una cama de matrimonio (140\u00d7 200) y otra con tres camas individuales (80\u00d7 190), de las cuales dos en litera.<\/p>\n<p>Exterior: terraza de madera, parasol y 2 sillas plegables.<\/p>\n<p><a href=\"https:\/\/media.huttopia.com\/hebergements\/31-tente-toile-bois-classic-5\/inventaire\/citykamp-inventaire-tente-classic-5-fr-en.pdf\" target=\"_blank\" rel=\"noopener\">&gt; <u>Ver inventario<\/u><\/a>[\/vc_column_text][\/vc_column_inner][vc_column_inner width=\u00bb1\/2&#8243;][vc_icon type=\u00bbmaterial\u00bb icon_material=\u00bbvc-material vc-material-kitchen\u00bb color=\u00bbmulled_wine\u00bb size=\u00bbsm\u00bb align=\u00bbcenter\u00bb css=\u00bb.vc_custom_1552644399752{margin-top: -10px !important;margin-bottom: -10px !important;}\u00bb][vc_column_text]<\/p>\n<p style=\"text-align: center;\">Cocina equipada<\/p>\n<p>[\/vc_column_text][vc_separator color=\u00bbmulled_wine\u00bb el_width=\u00bb80&#8243; css=\u00bb.vc_custom_1552644470078{padding-top: 15px !important;padding-right: 15px !important;padding-bottom: 15px !important;padding-left: 15px !important;}\u00bb][vc_icon type=\u00bbmaterial\u00bb icon_material=\u00bbvc-material vc-material-beach_access\u00bb color=\u00bbmulled_wine\u00bb size=\u00bbsm\u00bb align=\u00bbcenter\u00bb css=\u00bb.vc_custom_1552644412429{margin-top: -10px !important;margin-bottom: -10px !important;}\u00bb][vc_column_text]<\/p>\n<p style=\"text-align: center;\">Terraza<\/p>\n<p>[\/vc_column_text][vc_separator color=\u00bbmulled_wine\u00bb el_width=\u00bb80&#8243; css=\u00bb.vc_custom_1552644470078{padding-top: 15px !important;padding-right: 15px !important;padding-bottom: 15px !important;padding-left: 15px !important;}\u00bb][vc_empty_space height=\u00bb12px\u00bb][vc_btn title=\u00bbVER EL PLAN\u00bb style=\u00bbcustom\u00bb custom_background=\u00bb#e84e1b\u00bb custom_text=\u00bb#ffffff\u00bb shape=\u00bbsquare\u00bb size=\u00bbxs\u00bb align=\u00bbcenter\u00bb link=\u00bburl:https%3A%2F%2Fmedia.huttopia.com%2Fhebergements%2F31-tente-toile-bois-classic-5%2F31-tente-toile-bois-classic-5-plan.jpg||target:%20_blank|\u00bb][\/vc_column_inner][\/vc_row_inner][vc_empty_space height=\u00bb35px\u00bb][vc_column_text css=\u00bb.vc_custom_1553074698284{padding-top: 15px !important;padding-right: 15px !important;padding-bottom: 15px !important;padding-left: 15px !important;background-color: #ffffff !important;}\u00bb]<\/p>\n<p style=\"text-align: center;\"><span style=\"font-size: 16pt;\"><strong>Tienda Sweet<br \/>\n<\/strong><\/span><span style=\"font-size: 14pt;\">5 pers. &#8211; 25 m\u00b2<\/span>[\/vc_column_text][vc_empty_space height=\u00bb35px\u00bb css=\u00bb.vc_custom_1552644147888{background-color: #ffffff !important;}\u00bb][vc_masonry_media_grid element_width=\u00bb3&#8243; gap=\u00bb10&#8243; item=\u00bb1053&#8243; css=\u00bb.vc_custom_1552645436823{background-color: #ffffff !important;}\u00bb grid_id=\u00bbvc_gid:1727701029846-0ba19d04-e0bf-7&#8243; include=\u00bb2966,2960,2954,2972&#8243;][vc_row_inner equal_height=\u00bbyes\u00bb content_placement=\u00bbmiddle\u00bb gap=\u00bb25&#8243; css=\u00bb.vc_custom_1552644304681{margin-left: -0.5px !important;background-color: #ffffff !important;}\u00bb][vc_column_inner width=\u00bb1\/2&#8243;][vc_column_text css=\u00bb.vc_custom_1718098413164{padding-bottom: 25px !important;padding-left: 25px !important;}\u00bb]<strong><span style=\"color: #e84e1b;\">Opta por un alojamiento de alta gama para una estancia perfecta en familia.<\/span> La tienda Sweet te ofrece todas las comodidades con un ba\u00f1o equipado de ducha, lavabo y aseos. Tambi\u00e9n disfrutar\u00e1s de una sala de estar y un rinc\u00f3n cocina con fregadero.<\/strong><\/p>\n<p>Una zona de cocina con fregadero, nevera, cocina con dos fuegos, despensa, vajilla, etc.<\/p>\n<p>Dos habitaciones separadas por un pasillo: una se abre en la sala de estar con una cama de 2 plazas (140\u00d7200), una se abre en el pasillo separado de la sala de estar por una pared de madera con tres camas individuales (80\u00d7190), dos en litera.<\/p>\n<p>Un cuarto de ba\u00f1o con ducha, lavabo y aseo.<\/p>\n<p><a href=\"https:\/\/media.huttopia.com\/hebergements\/2-tente-sweet\/Inventaire\/citykamp-inventaire-tente-sweet-fr-en.pdf\" target=\"_blank\" rel=\"noopener\">&gt; <u>Ver inventario<\/u><\/a>[\/vc_column_text][\/vc_column_inner][vc_column_inner width=\u00bb1\/2&#8243;][vc_icon type=\u00bbmaterial\u00bb icon_material=\u00bbvc-material vc-material-kitchen\u00bb color=\u00bbmulled_wine\u00bb size=\u00bbsm\u00bb align=\u00bbcenter\u00bb css=\u00bb.vc_custom_1552644399752{margin-top: -10px !important;margin-bottom: -10px !important;}\u00bb][vc_column_text]<\/p>\n<p style=\"text-align: center;\">Cocina equipada<\/p>\n<p>[\/vc_column_text][vc_separator color=\u00bbmulled_wine\u00bb el_width=\u00bb80&#8243; css=\u00bb.vc_custom_1552644470078{padding-top: 15px !important;padding-right: 15px !important;padding-bottom: 15px !important;padding-left: 15px !important;}\u00bb][vc_icon type=\u00bbmaterial\u00bb icon_material=\u00bbvc-material vc-material-beach_access\u00bb color=\u00bbmulled_wine\u00bb size=\u00bbsm\u00bb align=\u00bbcenter\u00bb css=\u00bb.vc_custom_1552644412429{margin-top: -10px !important;margin-bottom: -10px !important;}\u00bb][vc_column_text]<\/p>\n<p style=\"text-align: center;\">Terraza<\/p>\n<p>[\/vc_column_text][vc_separator color=\u00bbmulled_wine\u00bb el_width=\u00bb80&#8243; css=\u00bb.vc_custom_1552644470078{padding-top: 15px !important;padding-right: 15px !important;padding-bottom: 15px !important;padding-left: 15px !important;}\u00bb][vc_btn title=\u00bbVER EL PLAN\u00bb style=\u00bbcustom\u00bb custom_background=\u00bb#e84e1b\u00bb custom_text=\u00bb#ffffff\u00bb shape=\u00bbsquare\u00bb size=\u00bbxs\u00bb align=\u00bbcenter\u00bb link=\u00bburl:https%3A%2F%2Fmedia.huttopia.com%2Fhebergements%2F2-tente-sweet%2Ftente-toile-bois-sweet-plan.jpg|target:_blank\u00bb][\/vc_column_inner][\/vc_row_inner]<\/div>[\/vc_column][\/vc_row][vc_row css=\u00bb.vc_custom_1553075618534{background-color: #e8e8e8 !important;}\u00bb][vc_column]<div class=\"wrappedcontent\">[vc_row_inner equal_height=\u00bbyes\u00bb gap=\u00bb15&#8243; css=\u00bb.vc_custom_1526389615362{margin-left: -0.5px !important;}\u00bb][vc_column_inner width=\u00bb1\/3&#8243; css=\u00bb.vc_custom_1553075628235{background-color: #ffffff !important;}\u00bb][vc_icon icon_fontawesome=\u00bbfar fa-map\u00bb color=\u00bbcustom\u00bb size=\u00bblg\u00bb align=\u00bbcenter\u00bb css=\u00bb.vc_custom_1676299517589{margin-bottom: -10px !important;padding-top: 15px !important;}\u00bb custom_color=\u00bb#e84e1b\u00bb link=\u00bburl:https%3A%2F%2Fmedia.huttopia.com%2Fdestinations%2Fstrasbourg%2Fplan-citykamp-camping-strasbourg.pdf|target:_blank\u00bb][vc_column_text css=\u00bb.vc_custom_1676299523218{padding-top: 25px !important;padding-right: 15px !important;padding-bottom: 15px !important;padding-left: 15px !important;}\u00bb]<\/p>\n<p style=\"text-align: center;\"><a href=\"https:\/\/media.huttopia.com\/destinations\/strasbourg\/plan-citykamp-camping-strasbourg.pdf\" target=\"_blank\" rel=\"noopener noreferrer\"><strong>Plano del camping<\/strong><\/a><\/p>\n<p>[\/vc_column_text][\/vc_column_inner][vc_column_inner width=\u00bb1\/3&#8243; css=\u00bb.vc_custom_1553075633203{background-color: #ffffff !important;}\u00bb][vc_icon icon_fontawesome=\u00bbfa fa-calendar-check-o\u00bb color=\u00bbcustom\u00bb size=\u00bblg\u00bb align=\u00bbcenter\u00bb css=\u00bb.vc_custom_1526390864627{margin-bottom: -10px !important;padding-top: 15px !important;}\u00bb custom_color=\u00bb#e84e1b\u00bb link=\u00bburl:http%3A%2F%2Fcheckout.citykamp.com%2Fsite%2Fen%2F907||target:%20_blank|\u00bb][vc_column_text css=\u00bb.vc_custom_1526393722479{padding-top: 25px !important;padding-right: 15px !important;padding-bottom: 15px !important;padding-left: 15px !important;}\u00bb]<\/p>\n<p style=\"text-align: center;\"><a href=\"http:\/\/checkout.citykamp.com\/site\/en\/907\" target=\"_blank\" rel=\"noopener noreferrer\"><strong>Reserva tu estancia<\/strong><\/a><\/p>\n<p>[\/vc_column_text][\/vc_column_inner][vc_column_inner width=\u00bb1\/3&#8243; css=\u00bb.vc_custom_1553075637618{background-color: #ffffff !important;}\u00bb][vc_icon icon_fontawesome=\u00bbfa fa-map-marker\u00bb color=\u00bbcustom\u00bb size=\u00bblg\u00bb align=\u00bbcenter\u00bb css=\u00bb.vc_custom_1526389983200{margin-bottom: -10px !important;padding-top: 15px !important;}\u00bb custom_color=\u00bb#e84e1b\u00bb link=\u00bburl:https%3A%2F%2Fgoo.gl%2Fmaps%2FD2aPTdJ8Jry||target:%20_blank|\u00bb][vc_column_text css=\u00bb.vc_custom_1526393731078{padding-top: 25px !important;padding-right: 15px !important;padding-bottom: 15px !important;padding-left: 15px !important;}\u00bb]<\/p>\n<p style=\"text-align: center;\"><a href=\"https:\/\/goo.gl\/maps\/D2aPTdJ8Jry\" target=\"_blank\" rel=\"noopener noreferrer\"><strong>Ruta<\/strong><\/a><\/p>\n<p>[\/vc_column_text][\/vc_column_inner][\/vc_row_inner]<\/div>[\/vc_column][\/vc_row][vc_row][vc_column]<div class=\"wrappedcontent\">[vc_column_text]<\/p>\n<h4>Galer\u00eda de fotos<\/h4>\n<p>[\/vc_column_text][vc_empty_space height=\u00bb18px\u00bb][vc_masonry_media_grid style=\u00bbload-more\u00bb items_per_page=\u00bb4&#8243; element_width=\u00bb3&#8243; gap=\u00bb10&#8243; item=\u00bb1053&#8243; btn_title=\u00bbVER M\u00c1S\u00bb btn_style=\u00bbcustom\u00bb btn_custom_background=\u00bb#e84e1b\u00bb btn_custom_text=\u00bb#ffffff\u00bb btn_shape=\u00bbsquare\u00bb btn_i_icon_fontawesome=\u00bbfa fa-camera\u00bb btn_add_icon=\u00bbtrue\u00bb grid_id=\u00bbvc_gid:1727701029866-14ecdbf6-9096-8&#8243; include=\u00bb2399,2394,4874,5834,5870,5900,5888,2404,2389,2409,2419,2434,2439,3476,3470,3464,4862,4856,4850,4838,4832,5912,5840,5846,5852,5858,4844,5864,5876,5882,5894,5906&#8243;]<\/div>[\/vc_column][\/vc_row]<\/p>\n<\/div>","protected":false},"excerpt":{"rendered":"<p>[vc_row][vc_column][vc_single_image image=\u00bb4786&#8243; img_size=\u00bb1900&#215;500&#8243;][\/vc_column][\/vc_row][vc_row][vc_column][\/vc_column][\/vc_row][vc_row css=\u00bb.vc_custom_1591865018167{background-color: #e8e8e8 !important;}\u00bb el_id=\u00bbchalets\u00bb][vc_column][\/vc_column][\/vc_row][vc_row el_id=\u00bbmobilehomes\u00bb][vc_column][\/vc_column][\/vc_row][vc_row el_id=\u00bbroulottes\u00bb css=\u00bb.vc_custom_1591865026726{background-color: #e8e8e8 !important;}\u00bb][vc_column][\/vc_column][\/vc_row][vc_row el_id=\u00bbtentestoiles&amp;bois\u00bb][vc_column][\/vc_column][\/vc_row][vc_row css=\u00bb.vc_custom_1553075618534{background-color: #e8e8e8 !important;}\u00bb][vc_column][\/vc_column][\/vc_row][vc_row][vc_column][\/vc_column][\/vc_row]<\/p>\n","protected":false},"author":1,"featured_media":0,"parent":0,"menu_order":0,"comment_status":"closed","ping_status":"closed","template":"","meta":{"footnotes":""},"class_list":["post-807","page","type-page","status-publish","hentry"],"yoast_head":"<!-- This site is optimized with the Yoast SEO plugin v25.6 - https:\/\/yoast.com\/wordpress\/plugins\/seo\/ -->\n<title>Descubra todo nuestro alojamientos - Camping de Strasbourg<\/title>\n<meta name=\"description\" content=\"Duerma cerca de la naturaleza en la tienda de campa\u00f1a Wood &amp; Canvas, Montana, caba\u00f1a de casas m\u00f3viles o remolque de madera.\" \/>\n<meta name=\"robots\" content=\"index, follow, max-snippet:-1, max-image-preview:large, max-video-preview:-1\" \/>\n<link rel=\"canonical\" href=\"https:\/\/www.camping-strasbourg.com\/es\/alojamientos\/\" \/>\n<meta property=\"og:locale\" content=\"es_ES\" \/>\n<meta property=\"og:type\" content=\"article\" \/>\n<meta property=\"og:title\" content=\"Descubra todo nuestro alojamientos - Camping de Strasbourg\" \/>\n<meta property=\"og:description\" content=\"Duerma cerca de la naturaleza en la tienda de campa\u00f1a Wood &amp; Canvas, Montana, caba\u00f1a de casas m\u00f3viles o remolque de madera.\" \/>\n<meta property=\"og:url\" content=\"https:\/\/www.camping-strasbourg.com\/es\/alojamientos\/\" \/>\n<meta property=\"og:site_name\" content=\"Camping de Strasbourg\" \/>\n<meta property=\"article:modified_time\" content=\"2024-09-30T12:58:57+00:00\" \/>\n<meta name=\"twitter:card\" content=\"summary_large_image\" \/>\n<meta name=\"twitter:label1\" content=\"Est. reading time\" \/>\n\t<meta name=\"twitter:data1\" content=\"7 minutos\" \/>\n<script type=\"application\/ld+json\" class=\"yoast-schema-graph\">{\"@context\":\"https:\/\/schema.org\",\"@graph\":[{\"@type\":\"WebPage\",\"@id\":\"https:\/\/www.camping-strasbourg.com\/es\/alojamientos\/\",\"url\":\"https:\/\/www.camping-strasbourg.com\/es\/alojamientos\/\",\"name\":\"Descubra todo nuestro alojamientos - Camping de Strasbourg\",\"isPartOf\":{\"@id\":\"https:\/\/www.camping-strasbourg.com\/es\/#website\"},\"datePublished\":\"2018-02-02T10:53:46+00:00\",\"dateModified\":\"2024-09-30T12:58:57+00:00\",\"description\":\"Duerma cerca de la naturaleza en la tienda de campa\u00f1a Wood & Canvas, Montana, caba\u00f1a de casas m\u00f3viles o remolque de madera.\",\"breadcrumb\":{\"@id\":\"https:\/\/www.camping-strasbourg.com\/es\/alojamientos\/#breadcrumb\"},\"inLanguage\":\"es\",\"potentialAction\":[{\"@type\":\"ReadAction\",\"target\":[\"https:\/\/www.camping-strasbourg.com\/es\/alojamientos\/\"]}]},{\"@type\":\"BreadcrumbList\",\"@id\":\"https:\/\/www.camping-strasbourg.com\/es\/alojamientos\/#breadcrumb\",\"itemListElement\":[{\"@type\":\"ListItem\",\"position\":1,\"name\":\"Accueil\",\"item\":\"https:\/\/www.camping-strasbourg.com\/es\/\"},{\"@type\":\"ListItem\",\"position\":2,\"name\":\"Locatifs\"}]},{\"@type\":\"WebSite\",\"@id\":\"https:\/\/www.camping-strasbourg.com\/es\/#website\",\"url\":\"https:\/\/www.camping-strasbourg.com\/es\/\",\"name\":\"Camping de Strasbourg\",\"description\":\"Un site utilisant Citykamp\",\"potentialAction\":[{\"@type\":\"SearchAction\",\"target\":{\"@type\":\"EntryPoint\",\"urlTemplate\":\"https:\/\/www.camping-strasbourg.com\/es\/?s={search_term_string}\"},\"query-input\":{\"@type\":\"PropertyValueSpecification\",\"valueRequired\":true,\"valueName\":\"search_term_string\"}}],\"inLanguage\":\"es\"}]}<\/script>\n<!-- \/ Yoast SEO plugin. -->","yoast_head_json":{"title":"Descubra todo nuestro alojamientos - Camping de Strasbourg","description":"Duerma cerca de la naturaleza en la tienda de campa\u00f1a Wood & Canvas, Montana, caba\u00f1a de casas m\u00f3viles o remolque de madera.","robots":{"index":"index","follow":"follow","max-snippet":"max-snippet:-1","max-image-preview":"max-image-preview:large","max-video-preview":"max-video-preview:-1"},"canonical":"https:\/\/www.camping-strasbourg.com\/es\/alojamientos\/","og_locale":"es_ES","og_type":"article","og_title":"Descubra todo nuestro alojamientos - Camping de Strasbourg","og_description":"Duerma cerca de la naturaleza en la tienda de campa\u00f1a Wood & Canvas, Montana, caba\u00f1a de casas m\u00f3viles o remolque de madera.","og_url":"https:\/\/www.camping-strasbourg.com\/es\/alojamientos\/","og_site_name":"Camping de Strasbourg","article_modified_time":"2024-09-30T12:58:57+00:00","twitter_card":"summary_large_image","twitter_misc":{"Est. reading time":"7 minutos"},"schema":{"@context":"https:\/\/schema.org","@graph":[{"@type":"WebPage","@id":"https:\/\/www.camping-strasbourg.com\/es\/alojamientos\/","url":"https:\/\/www.camping-strasbourg.com\/es\/alojamientos\/","name":"Descubra todo nuestro alojamientos - Camping de Strasbourg","isPartOf":{"@id":"https:\/\/www.camping-strasbourg.com\/es\/#website"},"datePublished":"2018-02-02T10:53:46+00:00","dateModified":"2024-09-30T12:58:57+00:00","description":"Duerma cerca de la naturaleza en la tienda de campa\u00f1a Wood & Canvas, Montana, caba\u00f1a de casas m\u00f3viles o remolque de madera.","breadcrumb":{"@id":"https:\/\/www.camping-strasbourg.com\/es\/alojamientos\/#breadcrumb"},"inLanguage":"es","potentialAction":[{"@type":"ReadAction","target":["https:\/\/www.camping-strasbourg.com\/es\/alojamientos\/"]}]},{"@type":"BreadcrumbList","@id":"https:\/\/www.camping-strasbourg.com\/es\/alojamientos\/#breadcrumb","itemListElement":[{"@type":"ListItem","position":1,"name":"Accueil","item":"https:\/\/www.camping-strasbourg.com\/es\/"},{"@type":"ListItem","position":2,"name":"Locatifs"}]},{"@type":"WebSite","@id":"https:\/\/www.camping-strasbourg.com\/es\/#website","url":"https:\/\/www.camping-strasbourg.com\/es\/","name":"Camping de Strasbourg","description":"Un site utilisant Citykamp","potentialAction":[{"@type":"SearchAction","target":{"@type":"EntryPoint","urlTemplate":"https:\/\/www.camping-strasbourg.com\/es\/?s={search_term_string}"},"query-input":{"@type":"PropertyValueSpecification","valueRequired":true,"valueName":"search_term_string"}}],"inLanguage":"es"}]}},"_links":{"self":[{"href":"https:\/\/www.camping-strasbourg.com\/es\/wp-json\/wp\/v2\/pages\/807","targetHints":{"allow":["GET"]}}],"collection":[{"href":"https:\/\/www.camping-strasbourg.com\/es\/wp-json\/wp\/v2\/pages"}],"about":[{"href":"https:\/\/www.camping-strasbourg.com\/es\/wp-json\/wp\/v2\/types\/page"}],"author":[{"embeddable":true,"href":"https:\/\/www.camping-strasbourg.com\/es\/wp-json\/wp\/v2\/users\/1"}],"replies":[{"embeddable":true,"href":"https:\/\/www.camping-strasbourg.com\/es\/wp-json\/wp\/v2\/comments?post=807"}],"version-history":[{"count":5,"href":"https:\/\/www.camping-strasbourg.com\/es\/wp-json\/wp\/v2\/pages\/807\/revisions"}],"predecessor-version":[{"id":6238,"href":"https:\/\/www.camping-strasbourg.com\/es\/wp-json\/wp\/v2\/pages\/807\/revisions\/6238"}],"wp:attachment":[{"href":"https:\/\/www.camping-strasbourg.com\/es\/wp-json\/wp\/v2\/media?parent=807"}],"curies":[{"name":"wp","href":"https:\/\/api.w.org\/{rel}","templated":true}]}}