{"id":810,"date":"2018-02-02T11:59:46","date_gmt":"2018-02-02T10:59:46","guid":{"rendered":"http:\/\/www.camping-strasbourg.com\/it\/region\/"},"modified":"2025-03-04T12:51:55","modified_gmt":"2025-03-04T11:51:55","slug":"regione","status":"publish","type":"page","link":"https:\/\/www.camping-strasbourg.com\/it\/regione\/","title":{"rendered":"R\u00e9gion"},"content":{"rendered":"<div class=\"wpb-content-wrapper\"><p>[vc_row][vc_column][vc_single_image image=&#8221;6308&#8243; img_size=&#8221;1900&#215;500&#8243; css=&#8221;&#8221;]<div class=\"wrappedcontent\">[vc_column_text]<\/p>\n<h3>Scopri Strasburgo, la capitale alsaziana!<\/h3>\n<p>Il Camping de Strasbourg, situato a solo 3 km dal centro storico, \u00e9 una localit\u00e0 di soggiorno ideale per partire alla scoperta di Strasburgo, a piedi o in bicicletta, percorrendo le piste ciclabili che partono dal camping. Il punto informazioni turistiche del camping \u00e8 a vostra disposizione alla reception.<br \/>\nI nostri addetti all&#8217;accoglienza vi suggeriranno gli \u00ab indirizzi giusti \u00bb di ristorazione e vi guideranno con piacere nella vostra avventura strasburghese per tutto l&#8217;anno![\/vc_column_text][vc_row_inner gap=&#8221;35&#8243; css=&#8221;.vc_custom_1718008988319{margin-left: -0.5px !important;}&#8221;][vc_column_inner][vc_masonry_media_grid element_width=&#8221;12&#8243; gap=&#8221;25&#8243; item=&#8221;197&#8243; grid_id=&#8221;vc_gid:1741089217378-f3c539c0-1785-5&#8243; include=&#8221;2213&#8243;][\/vc_column_inner][\/vc_row_inner][vc_empty_space height=&#8221;20px&#8221;]<div class=\"text-center btnwrap\"><a class=\"btn btn-huttopia-cta\" href=\"http:\/\/checkout.citykamp.com\/site\/it\/907\" role=\"button\" target=\"\" onclick=\"dataLayer.push({'event':'clickCity', 'clickText':'Prenota il tuo soggiorno'})\">Prenota il tuo soggiorno<\/a><\/div><\/div>[\/vc_column][\/vc_row][vc_row css=&#8221;.vc_custom_1518793010936{background-color: #e8e8e8 !important;}&#8221;][vc_column]<div class=\"wrappedcontent\">[vc_row_inner gap=&#8221;25&#8243; css=&#8221;.vc_custom_1718009002317{margin-left: -0.5px !important;}&#8221;][vc_column_inner width=&#8221;1\/2&#8243;][vc_column_text]<\/p>\n<h4>La \u00ab Grande-\u00cele \u00bb, patrimonio mondiale dell&#8217; UNESCO<\/h4>\n<p align=\"justify\">Scoprite il centro storico della capitale alsaziana e la sua rara diversit\u00e0 patrimoniale. Per voi l&#8217;antico e pittoresco quartiere della Petite France all&#8217;epoca abitato da conciatori e mugnai. La Petite France rivela un patrimonio architettonico unico con le sue case a graticcio e i suoi vicoli animati le conferiscono maggiore fascino. Visita obbligatoria !<\/p>\n<p>[\/vc_column_text][\/vc_column_inner][vc_column_inner width=&#8221;1\/2&#8243;][vc_masonry_media_grid element_width=&#8221;12&#8243; gap=&#8221;25&#8243; grid_id=&#8221;vc_gid:1741089217382-1bec1b49-fe09-10&#8243; include=&#8221;1333&#8243;][\/vc_column_inner][\/vc_row_inner]<\/div>[\/vc_column][\/vc_row][vc_row css=&#8221;.vc_custom_1518793247440{background-color: #ffffff !important;}&#8221;][vc_column]<div class=\"wrappedcontent\">[vc_row_inner gap=&#8221;25&#8243; css=&#8221;.vc_custom_1718009009315{margin-left: -0.5px !important;}&#8221;][vc_column_inner width=&#8221;1\/2&#8243;][vc_single_image image=&#8221;1453&#8243; img_size=&#8221;full&#8221;][\/vc_column_inner][vc_column_inner width=&#8221;1\/2&#8243;][vc_column_text]<\/p>\n<h4>La Cattedrale Notre-Dame e il cuore della citt\u00e0<\/h4>\n<p align=\"justify\">Ammirate l&#8217;imponente Cattedrale Notre-Dame con i suoi 142 metri di altezza, da non mancare ! Potrete accedere alla sua piattaforma situata a 66 m dalla quale il panorama su tutta la citt\u00e0 \u00e9 superbo.<\/p>\n<p align=\"justify\">Un buon piano : Accesso gratuito la prima domenica di ogni mese.<\/p>\n<p align=\"justify\">Il cuore della citt\u00e0, attorno alla cattedrale si mostra notevole con tesori sconosciuti come la maison Kammerzell divenuta la pi\u00f9 celebre delle case strasburghesi. Ammirate questa antica casa di mercanti stile Rinascimentale, divenuta oggi un centro di ristorazione di pregio.<\/p>\n<p align=\"justify\">Scoprite altres\u00ec i suoi numerosi vicoli e luoghi rinnomati come place du Ch\u00e2teau dove si trovaPalais Rohan, ma anche place Gutenberg, place Kl\u00e9ber, place du March\u00e9-aux-cochons-de-lait\u2026<\/p>\n<p>[\/vc_column_text][\/vc_column_inner][\/vc_row_inner]<\/div>[\/vc_column][\/vc_row][vc_row css=&#8221;.vc_custom_1519048199475{background-color: #e8e8e8 !important;}&#8221;][vc_column]<div class=\"wrappedcontent\">[vc_row_inner gap=&#8221;35&#8243; css=&#8221;.vc_custom_1718009015062{margin-left: -0.5px !important;}&#8221;][vc_column_inner width=&#8221;1\/3&#8243;][vc_masonry_media_grid element_width=&#8221;12&#8243; item=&#8221;184&#8243; grid_id=&#8221;vc_gid:1741089217386-95af8c89-ad6f-6&#8243; include=&#8221;2243&#8243;][vc_column_text]Strasburgo come capitale europea \u00e9 il simbolo della riconciliazione tra i popoli e dell&#8217;avvenire dell&#8217; Europa. Scoprite il quartiere europeo, che non ha cessato di crescere nel corso degli anni e raggruppa oggi monumenti di architettura contemporanea notevoli.<br \/>\nNon perdete il Palais de l&#8217;Europe che \u00e9 la sede del Consiglio d&#8217;Europa, il Palais des Droits de l&#8217;Homme il Palazzo dei Diritti dell&#8217;Uomo nonch\u00e9 ilParlement Europ\u00e9en la sede del Parlamento Europeo.[\/vc_column_text][\/vc_column_inner][vc_column_inner width=&#8221;1\/3&#8243;][vc_masonry_media_grid element_width=&#8221;12&#8243; item=&#8221;184&#8243; grid_id=&#8221;vc_gid:1741089217387-2bedc20c-99fc-6&#8243; include=&#8221;2248&#8243;][vc_column_text]Visitate anche il quartiere imperiale tedesco con i suoi imponenti edifici, costruiti alla fine del 19\u00b0 secolo in onore del Kaiser. Scoprite come l&#8217;influenza tedesca abbia rinforzato quella francese facendo di Strasburgo una citt\u00e0 unica. Non perdetevi Place de la R\u00e9publique, il Palais du Rhin, la Biblioth\u00e8que Nationale e Universitaire, il Th\u00e9\u00e2tre National de Strasbourg\u2026[\/vc_column_text][\/vc_column_inner][vc_column_inner width=&#8221;1\/3&#8243;][vc_masonry_media_grid element_width=&#8221;12&#8243; item=&#8221;184&#8243; grid_id=&#8221;vc_gid:1741089217391-c7a9a44b-5b8b-6&#8243; include=&#8221;2253&#8243;][vc_column_text]Visitare Strasburgo, vuol dire anche passeggiare lungo la riva del fiume dove potrete scoprire l&#8217; Ancienne Douane o ancora la Court du Corbeau. Scoprire i suoi numerosi parchi e giardini : il jardin botanique e il suo scrignio di spazi verdi, il parc de l&#8217; Orangerie e le sue cicogne\u2026[\/vc_column_text][\/vc_column_inner][\/vc_row_inner]<\/div>[\/vc_column][\/vc_row][vc_row][vc_column]<div class=\"wrappedcontent\">[vc_row_inner gap=&#8221;35&#8243; css=&#8221;.vc_custom_1718009023693{margin-left: -0.5px !important;}&#8221;][vc_column_inner width=&#8221;1\/2&#8243;][vc_masonry_media_grid element_width=&#8221;12&#8243; item=&#8221;184&#8243; grid_id=&#8221;vc_gid:1741089217396-e84bdc1c-42a9-8&#8243; include=&#8221;2258&#8243;][vc_column_text]Strasburgo vi propone ugualmente numerose uscite culturali come i musei: il Museo Alsaziano, ilPalazzo Rohan (Museo Archeologico, Museo delle arti decorative, Museo delle Belle -arti), il Museo d\u2019Arte Moderna e Contemporanea, il Museo Storico della citt\u00e0 di Strasburgo\u2026<\/p>\n<p><em>Un buon piano culturale : la capitale alsaziana apre gratuitamente le porte dei suoi musei la 1a domenica di ogni mese alle ore 18.<\/em>[\/vc_column_text][\/vc_column_inner][vc_column_inner width=&#8221;1\/2&#8243;][vc_masonry_media_grid element_width=&#8221;12&#8243; item=&#8221;184&#8243; grid_id=&#8221;vc_gid:1741089217398-c674875b-b7f6-0&#8243; include=&#8221;2263&#8243;][vc_column_text]Inevitabile \u00e9 una sosta in una delle numerosewinstubs, tradizionale taverna dall&#8217;ambiente caloroso e gioviale dove poter gustare le numerose spacialit\u00e0 alsaziane.<br \/>\nEcco solo alcune delle tante : la choucroute, labaeckeoffe, la flammekueche, i Fleischknepfle(bauletti di carne), gli Spaetzle, bretzel \u2026 senza dimenticare la birra alsaziana e i famosi vini dell&#8217;Alsazia.[\/vc_column_text][\/vc_column_inner][\/vc_row_inner]<\/div>[\/vc_column][\/vc_row][vc_row css=&#8221;.vc_custom_1718372843250{background-color: #e8e8e8 !important;}&#8221;][vc_column]<div class=\"wrappedcontent\">[vc_column_text]<\/p>\n<h4 style=\"text-align: center;\"><span style=\"color: #333333;\">\u2014<\/span> Strasburgo, Capitale del Natale<span style=\"color: #333333;\">\u00a0\u2014<\/span><\/h4>\n<p>[\/vc_column_text][vc_empty_space height=&#8221;40px&#8221;][vc_row_inner gap=&#8221;35&#8243; css=&#8221;.vc_custom_1718008995665{margin-left: -0.5px !important;}&#8221;][vc_column_inner width=&#8221;1\/2&#8243;][vc_masonry_media_grid element_width=&#8221;12&#8243; gap=&#8221;25&#8243; item=&#8221;184&#8243; grid_id=&#8221;vc_gid:1741089217401-5c521ce8-b3e4-10&#8243; include=&#8221;2218&#8243;][\/vc_column_inner][vc_column_inner width=&#8221;1\/2&#8243;][vc_masonry_media_grid element_width=&#8221;12&#8243; gap=&#8221;25&#8243; item=&#8221;184&#8243; grid_id=&#8221;vc_gid:1741089217403-62773175-3208-2&#8243; include=&#8221;2223&#8243;][\/vc_column_inner][\/vc_row_inner][vc_column_text]Natale a Strasburgo\u2026 Magico, da sogno\u2026 non ci sono parole per descrivere l&#8217;atmosfera che regna in citt\u00e0 in questo particolare periodo dell&#8217;anno. Visitate il pi\u00f9 antico mercatino di Natale d&#8217;Europa, creato nel 1570. A dicembre,al calare della notte, la citt\u00e0 si veste di un mantello di luci e diviene la citt\u00e0 pi\u00f9 illuminata d&#8217;Europa. Scoprite in un&#8217;ambientazione unica, i mercatini e il profumo del vino caldo, le luci, le case decorate, l&#8217;albero gigante della place Kl\u00e9ber\u2026 senza dimenticare di gustare i deliziosi piccoli dolci natalizi : le Bredele. Un vero momento di condivisione e di celebrazione che ama gli adulti e i bambini.[\/vc_column_text][vc_empty_space height=&#8221;20px&#8221;]<div class=\"text-center btnwrap\"><a class=\"btn btn-huttopia-cta\" href=\"http:\/\/checkout.citykamp.com\/site\/it\/907\" role=\"button\" target=\"\" onclick=\"dataLayer.push({'event':'clickCity', 'clickText':'Prenota il tuo soggiorno'})\">Prenota il tuo soggiorno<\/a><\/div><\/div>[\/vc_column][\/vc_row][vc_row][vc_column]<div class=\"wrappedcontent\">[vc_column_text]<\/p>\n<h4>Galleria foto<\/h4>\n<p>[\/vc_column_text][vc_empty_space height=&#8221;18px&#8221;][vc_masonry_media_grid style=&#8221;load-more&#8221; items_per_page=&#8221;4&#8243; element_width=&#8221;3&#8243; gap=&#8221;10&#8243; item=&#8221;1053&#8243; btn_title=&#8221;VEDERE DI PI\u00d9&#8221; btn_style=&#8221;custom&#8221; btn_custom_background=&#8221;#e84e1b&#8221; btn_custom_text=&#8221;#ffffff&#8221; btn_shape=&#8221;square&#8221; btn_i_icon_fontawesome=&#8221;fa fa-camera&#8221; btn_add_icon=&#8221;true&#8221; grid_id=&#8221;vc_gid:1741089217408-e08d72d4-8d75-3&#8243; include=&#8221;4587,2538,2543,4581,2548,2553,2558,2563,2568,2573,2578&#8243;]<\/div>[vc_gmaps link=&#8221;#E-8_JTNDaWZyYW1lJTIwc3JjJTNEJTIyaHR0cHMlM0ElMkYlMkZ3d3cuZ29vZ2xlLmNvbSUyRm1hcHMlMkZlbWJlZCUzRnBiJTNEJTIxMW0xOCUyMTFtMTIlMjExbTMlMjExZDE1NjkuNjMwNzgwMjA5NDAxJTIxMmQ3LjcxMzU0NTA2OTEyMzY0NSUyMTNkNDguNTc1NDk4MTQxMzc3NDMlMjEybTMlMjExZjAlMjEyZjAlMjEzZjAlMjEzbTIlMjExaTEwMjQlMjEyaTc2OCUyMTRmMTMuMSUyMTNtMyUyMTFtMiUyMTFzMHg0Nzk2YzlkMTcxMTEzMDU3JTI1M0EweDdjYzAwNGIzMDJiYzRiNDUlMjEyc0NhbXBpbmclMkJkZSUyQlN0cmFzYm91cmclMjE1ZTAlMjEzbTIlMjExc2ZyJTIxMnNmciUyMTR2MTUxOTA1OTYyMDEyMiUyMiUyMHdpZHRoJTNEJTIyNjAwJTIyJTIwaGVpZ2h0JTNEJTIyNDUwJTIyJTIwZnJhbWVib3JkZXIlM0QlMjIwJTIyJTIwc3R5bGUlM0QlMjJib3JkZXIlM0EwJTIyJTIwYWxsb3dmdWxsc2NyZWVuJTNFJTNDJTJGaWZyYW1lJTNF&#8221;][\/vc_column][\/vc_row]<\/p>\n<\/div>","protected":false},"excerpt":{"rendered":"<p>[vc_row][vc_column][vc_single_image image=&#8221;6308&#8243; img_size=&#8221;1900&#215;500&#8243; css=&#8221;&#8221;][\/vc_column][\/vc_row][vc_row css=&#8221;.vc_custom_1518793010936{background-color: #e8e8e8 !important;}&#8221;][vc_column][\/vc_column][\/vc_row][vc_row css=&#8221;.vc_custom_1518793247440{background-color: #ffffff !important;}&#8221;][vc_column][\/vc_column][\/vc_row][vc_row css=&#8221;.vc_custom_1519048199475{background-color: #e8e8e8 !important;}&#8221;][vc_column][\/vc_column][\/vc_row][vc_row][vc_column][\/vc_column][\/vc_row][vc_row css=&#8221;.vc_custom_1718372843250{background-color: #e8e8e8 !important;}&#8221;][vc_column][\/vc_column][\/vc_row][vc_row][vc_column][vc_gmaps link=&#8221;#E-8_JTNDaWZyYW1lJTIwc3JjJTNEJTIyaHR0cHMlM0ElMkYlMkZ3d3cuZ29vZ2xlLmNvbSUyRm1hcHMlMkZlbWJlZCUzRnBiJTNEJTIxMW0xOCUyMTFtMTIlMjExbTMlMjExZDE1NjkuNjMwNzgwMjA5NDAxJTIxMmQ3LjcxMzU0NTA2OTEyMzY0NSUyMTNkNDguNTc1NDk4MTQxMzc3NDMlMjEybTMlMjExZjAlMjEyZjAlMjEzZjAlMjEzbTIlMjExaTEwMjQlMjEyaTc2OCUyMTRmMTMuMSUyMTNtMyUyMTFtMiUyMTFzMHg0Nzk2YzlkMTcxMTEzMDU3JTI1M0EweDdjYzAwNGIzMDJiYzRiNDUlMjEyc0NhbXBpbmclMkJkZSUyQlN0cmFzYm91cmclMjE1ZTAlMjEzbTIlMjExc2ZyJTIxMnNmciUyMTR2MTUxOTA1OTYyMDEyMiUyMiUyMHdpZHRoJTNEJTIyNjAwJTIyJTIwaGVpZ2h0JTNEJTIyNDUwJTIyJTIwZnJhbWVib3JkZXIlM0QlMjIwJTIyJTIwc3R5bGUlM0QlMjJib3JkZXIlM0EwJTIyJTIwYWxsb3dmdWxsc2NyZWVuJTNFJTNDJTJGaWZyYW1lJTNF&#8221;][\/vc_column][\/vc_row]<\/p>\n","protected":false},"author":1,"featured_media":0,"parent":0,"menu_order":0,"comment_status":"closed","ping_status":"closed","template":"","meta":{"footnotes":""},"class_list":["post-810","page","type-page","status-publish","hentry"],"yoast_head":"<!-- This site is optimized with the Yoast SEO plugin v25.6 - https:\/\/yoast.com\/wordpress\/plugins\/seo\/ -->\n<title>Scopri Strasburgo e la sua regione - Camping de Strasbourg<\/title>\n<meta name=\"description\" content=\"Situato a soli 3 km dal centro storico, il campeggio di Strasburgo \u00e8 una base ideale per esplorare la capitale alsaziana e la sua regione. I suoi villaggi con case a graticcio, la sua gastronomia, i suoi vini d&#039;Alsazia, la famosa cattedrale di Strasburgo, ce n&#039;\u00e8 per tutti i gusti.\" \/>\n<meta name=\"robots\" content=\"index, follow, max-snippet:-1, max-image-preview:large, max-video-preview:-1\" \/>\n<link rel=\"canonical\" href=\"https:\/\/www.camping-strasbourg.com\/it\/regione\/\" \/>\n<meta property=\"og:locale\" content=\"it_IT\" \/>\n<meta property=\"og:type\" content=\"article\" \/>\n<meta property=\"og:title\" content=\"Scopri Strasburgo e la sua regione - Camping de Strasbourg\" \/>\n<meta property=\"og:description\" content=\"Situato a soli 3 km dal centro storico, il campeggio di Strasburgo \u00e8 una base ideale per esplorare la capitale alsaziana e la sua regione. I suoi villaggi con case a graticcio, la sua gastronomia, i suoi vini d&#039;Alsazia, la famosa cattedrale di Strasburgo, ce n&#039;\u00e8 per tutti i gusti.\" \/>\n<meta property=\"og:url\" content=\"https:\/\/www.camping-strasbourg.com\/it\/regione\/\" \/>\n<meta property=\"og:site_name\" content=\"Camping de Strasbourg\" \/>\n<meta property=\"article:modified_time\" content=\"2025-03-04T11:51:55+00:00\" \/>\n<meta name=\"twitter:card\" content=\"summary_large_image\" \/>\n<meta name=\"twitter:label1\" content=\"Est. reading time\" \/>\n\t<meta name=\"twitter:data1\" content=\"9 minuti\" \/>\n<script type=\"application\/ld+json\" class=\"yoast-schema-graph\">{\"@context\":\"https:\/\/schema.org\",\"@graph\":[{\"@type\":\"WebPage\",\"@id\":\"https:\/\/www.camping-strasbourg.com\/it\/regione\/\",\"url\":\"https:\/\/www.camping-strasbourg.com\/it\/regione\/\",\"name\":\"Scopri Strasburgo e la sua regione - Camping de Strasbourg\",\"isPartOf\":{\"@id\":\"https:\/\/www.camping-strasbourg.com\/it\/#website\"},\"datePublished\":\"2018-02-02T10:59:46+00:00\",\"dateModified\":\"2025-03-04T11:51:55+00:00\",\"description\":\"Situato a soli 3 km dal centro storico, il campeggio di Strasburgo \u00e8 una base ideale per esplorare la capitale alsaziana e la sua regione. I suoi villaggi con case a graticcio, la sua gastronomia, i suoi vini d'Alsazia, la famosa cattedrale di Strasburgo, ce n'\u00e8 per tutti i gusti.\",\"breadcrumb\":{\"@id\":\"https:\/\/www.camping-strasbourg.com\/it\/regione\/#breadcrumb\"},\"inLanguage\":\"it-IT\",\"potentialAction\":[{\"@type\":\"ReadAction\",\"target\":[\"https:\/\/www.camping-strasbourg.com\/it\/regione\/\"]}]},{\"@type\":\"BreadcrumbList\",\"@id\":\"https:\/\/www.camping-strasbourg.com\/it\/regione\/#breadcrumb\",\"itemListElement\":[{\"@type\":\"ListItem\",\"position\":1,\"name\":\"Accueil\",\"item\":\"https:\/\/www.camping-strasbourg.com\/it\/\"},{\"@type\":\"ListItem\",\"position\":2,\"name\":\"R\u00e9gion\"}]},{\"@type\":\"WebSite\",\"@id\":\"https:\/\/www.camping-strasbourg.com\/it\/#website\",\"url\":\"https:\/\/www.camping-strasbourg.com\/it\/\",\"name\":\"Camping de Strasbourg\",\"description\":\"Un site utilisant Citykamp\",\"potentialAction\":[{\"@type\":\"SearchAction\",\"target\":{\"@type\":\"EntryPoint\",\"urlTemplate\":\"https:\/\/www.camping-strasbourg.com\/it\/?s={search_term_string}\"},\"query-input\":{\"@type\":\"PropertyValueSpecification\",\"valueRequired\":true,\"valueName\":\"search_term_string\"}}],\"inLanguage\":\"it-IT\"}]}<\/script>\n<!-- \/ Yoast SEO plugin. -->","yoast_head_json":{"title":"Scopri Strasburgo e la sua regione - Camping de Strasbourg","description":"Situato a soli 3 km dal centro storico, il campeggio di Strasburgo \u00e8 una base ideale per esplorare la capitale alsaziana e la sua regione. I suoi villaggi con case a graticcio, la sua gastronomia, i suoi vini d'Alsazia, la famosa cattedrale di Strasburgo, ce n'\u00e8 per tutti i gusti.","robots":{"index":"index","follow":"follow","max-snippet":"max-snippet:-1","max-image-preview":"max-image-preview:large","max-video-preview":"max-video-preview:-1"},"canonical":"https:\/\/www.camping-strasbourg.com\/it\/regione\/","og_locale":"it_IT","og_type":"article","og_title":"Scopri Strasburgo e la sua regione - Camping de Strasbourg","og_description":"Situato a soli 3 km dal centro storico, il campeggio di Strasburgo \u00e8 una base ideale per esplorare la capitale alsaziana e la sua regione. I suoi villaggi con case a graticcio, la sua gastronomia, i suoi vini d'Alsazia, la famosa cattedrale di Strasburgo, ce n'\u00e8 per tutti i gusti.","og_url":"https:\/\/www.camping-strasbourg.com\/it\/regione\/","og_site_name":"Camping de Strasbourg","article_modified_time":"2025-03-04T11:51:55+00:00","twitter_card":"summary_large_image","twitter_misc":{"Est. reading time":"9 minuti"},"schema":{"@context":"https:\/\/schema.org","@graph":[{"@type":"WebPage","@id":"https:\/\/www.camping-strasbourg.com\/it\/regione\/","url":"https:\/\/www.camping-strasbourg.com\/it\/regione\/","name":"Scopri Strasburgo e la sua regione - Camping de Strasbourg","isPartOf":{"@id":"https:\/\/www.camping-strasbourg.com\/it\/#website"},"datePublished":"2018-02-02T10:59:46+00:00","dateModified":"2025-03-04T11:51:55+00:00","description":"Situato a soli 3 km dal centro storico, il campeggio di Strasburgo \u00e8 una base ideale per esplorare la capitale alsaziana e la sua regione. I suoi villaggi con case a graticcio, la sua gastronomia, i suoi vini d'Alsazia, la famosa cattedrale di Strasburgo, ce n'\u00e8 per tutti i gusti.","breadcrumb":{"@id":"https:\/\/www.camping-strasbourg.com\/it\/regione\/#breadcrumb"},"inLanguage":"it-IT","potentialAction":[{"@type":"ReadAction","target":["https:\/\/www.camping-strasbourg.com\/it\/regione\/"]}]},{"@type":"BreadcrumbList","@id":"https:\/\/www.camping-strasbourg.com\/it\/regione\/#breadcrumb","itemListElement":[{"@type":"ListItem","position":1,"name":"Accueil","item":"https:\/\/www.camping-strasbourg.com\/it\/"},{"@type":"ListItem","position":2,"name":"R\u00e9gion"}]},{"@type":"WebSite","@id":"https:\/\/www.camping-strasbourg.com\/it\/#website","url":"https:\/\/www.camping-strasbourg.com\/it\/","name":"Camping de Strasbourg","description":"Un site utilisant Citykamp","potentialAction":[{"@type":"SearchAction","target":{"@type":"EntryPoint","urlTemplate":"https:\/\/www.camping-strasbourg.com\/it\/?s={search_term_string}"},"query-input":{"@type":"PropertyValueSpecification","valueRequired":true,"valueName":"search_term_string"}}],"inLanguage":"it-IT"}]}},"_links":{"self":[{"href":"https:\/\/www.camping-strasbourg.com\/it\/wp-json\/wp\/v2\/pages\/810","targetHints":{"allow":["GET"]}}],"collection":[{"href":"https:\/\/www.camping-strasbourg.com\/it\/wp-json\/wp\/v2\/pages"}],"about":[{"href":"https:\/\/www.camping-strasbourg.com\/it\/wp-json\/wp\/v2\/types\/page"}],"author":[{"embeddable":true,"href":"https:\/\/www.camping-strasbourg.com\/it\/wp-json\/wp\/v2\/users\/1"}],"replies":[{"embeddable":true,"href":"https:\/\/www.camping-strasbourg.com\/it\/wp-json\/wp\/v2\/comments?post=810"}],"version-history":[{"count":5,"href":"https:\/\/www.camping-strasbourg.com\/it\/wp-json\/wp\/v2\/pages\/810\/revisions"}],"predecessor-version":[{"id":6315,"href":"https:\/\/www.camping-strasbourg.com\/it\/wp-json\/wp\/v2\/pages\/810\/revisions\/6315"}],"wp:attachment":[{"href":"https:\/\/www.camping-strasbourg.com\/it\/wp-json\/wp\/v2\/media?parent=810"}],"curies":[{"name":"wp","href":"https:\/\/api.w.org\/{rel}","templated":true}]}}